{"id":6534,"date":"2021-03-08T18:18:57","date_gmt":"2021-03-08T21:18:57","guid":{"rendered":"https:\/\/unifsa.com.br\/site\/?post_type=pos_graduacao&#038;p=6534"},"modified":"2021-03-08T18:18:57","modified_gmt":"2021-03-08T21:18:57","slug":"fitoterapia-clinica-e-estetica","status":"publish","type":"pos_graduacao","link":"https:\/\/unifsa.com.br\/site\/pos_graduacao\/fitoterapia-clinica-e-estetica\/","title":{"rendered":"Fitoterapia Clinica e Est\u00e9tica"},"content":{"rendered":"<div class=\"wpb-content-wrapper\"><p>[vc_row][vc_column][vc_single_image image=&#8221;6535&#8243; img_size=&#8221;full&#8221;][vc_column_text][\/vc_column_text][vc_column_text]<\/p>\n<p align=\"justify\" data-raofz=\"15\"><strong>Objetivos<\/strong><\/p>\n<p style=\"text-align: justify;\" align=\"justify\" data-raofz=\"15\">Oportunizar aos profissionais de nutri\u00e7\u00e3o a intera\u00e7\u00e3o com as principais plantas medicinais e medicamentos fitoter\u00e1picos, no intuito de prepar\u00e1-los para a prescri\u00e7\u00e3o segura, com base em um uso racional dos fitoter\u00e1picos, por meio dos conhecimentos cient\u00edficos dos princ\u00edpios ativos vegetais, indica\u00e7\u00f5es de uso, intera\u00e7\u00f5es medicamentosas, doses e rea\u00e7\u00f5es.<\/p>\n<p data-raofz=\"15\"><strong>P\u00fablico<\/strong><\/p>\n<p class=\"texto-justificado\" data-raofz=\"15\">Portadores de diploma de curso superior de qualquer \u00e1rea afim.<\/p>\n<p>[\/vc_column_text][vc_tta_accordion style=&#8221;modern&#8221; color=&#8221;blue&#8221; active_section=&#8221;1&#8243; collapsible_all=&#8221;true&#8221;][vc_tta_section i_icon_fontawesome=&#8221;fa fa-address-card-o&#8221; add_icon=&#8221;true&#8221; title=&#8221;MATRIZ CURRICULAR&#8221; tab_id=&#8221;1597185139388-0646e6de-44b3&#8243;][vc_column_text]<\/p>\n<ol>\n<li>Introdu\u00e7\u00e3o \u00e0 fitoterapia: conceitos, farmacobot\u00e2nica e fisiologia das plantas \u2013 10h<\/li>\n<li>Fitoqu\u00edmica e controle de qualidade dos insumos e medicamentos fitoter\u00e1picos (te\u00f3rico\/pr\u00e1tico), Princ\u00edpios na prepara\u00e7\u00e3o de formas farmac\u00eauticas \u2013 10h<\/li>\n<li>Farmacologia, Toxicologia, Fitogen\u00f4mica, Nutrigen\u00f4mica \u2013 10h Intera\u00e7\u00f5es de fitoqu\u00edmicos com alimentos e medicamentos \u2013 10h<\/li>\n<li>Prescri\u00e7\u00e3o fitoter\u00e1pica e fitoter\u00e1picos mais prescritos na nutri\u00e7\u00e3o \u2013 10h Fitoter\u00e1picos utilizados na Medicina Chinesa e Indiana \u2013 10h<\/li>\n<li>Metodologia da Pesquisa I\u2013 20h<\/li>\n<li>Fisiologia aplicada \u00e0 nutri\u00e7\u00e3o est\u00e9tica e fitoterapia \u2013 10h<\/li>\n<li>Bioqu\u00edmica aplicada \u00e0 nutri\u00e7\u00e3o e est\u00e9tica e dos princ\u00edpios ativos \u2013 10h<\/li>\n<li>Avalia\u00e7\u00e3o Nutricional, Metab\u00f3lica e Necessidades Nutricionais na cl\u00ednica e na est\u00e9tica \u2013 10h<\/li>\n<li>Nutri\u00e7\u00e3o aplicada \u00e0 Modula\u00e7\u00e3o Hormonal e Estresse Oxidativo \u2013 20h<\/li>\n<li>Exames Bioqu\u00edmicos Cl\u00ednicos aplicados \u00e0 Nutri\u00e7\u00e3o cl\u00ednica e na est\u00e9tica \u2013 10h<\/li>\n<li>Empreendedorismo e Marketing na cl\u00ednica\u2013 10h<\/li>\n<li>Fitoter\u00e1picos aplicados nas afec\u00e7\u00f5es do Sistema digest\u00f3rio \u2013 10h<\/li>\n<li>Fitoter\u00e1picos aplicados nas doen\u00e7as metab\u00f3licas: diabetes, dislipidemias e transtornos tireoidianos \u2013 10 h<\/li>\n<li>Fitoter\u00e1picos aplicados no tratamento da compuls\u00e3o alimentar, gerenciamento do peso e obesidade \u2013 20h<\/li>\n<li>Fitoter\u00e1picos aplicados nas afec\u00e7\u00f5es do SNC e Fitoter\u00e1picos Anti-inflamat\u00f3rios \u2013 10h<\/li>\n<li>Fitoter\u00e1picos aplicados nas afec\u00e7\u00f5es do Sistema cardiovascular, hep\u00e1tico e Renal \u2013 10h<\/li>\n<li>Fitoter\u00e1picos aplicados nas afec\u00e7\u00f5es do Sistema Respirat\u00f3rio e imunoestimulantes \u2013 10h<\/li>\n<li>Fitoter\u00e1picos relacionados \u00e0 pr\u00e1tica de atividade f\u00edsica \u2013 10h<\/li>\n<li>Fitoter\u00e1picos aplicados nos ciclos da vida \u2013 10h<\/li>\n<li>Nutrac\u00eauticos, prebi\u00f3ticos e probi\u00f3ticos \u2013 10h<\/li>\n<li>Introdu\u00e7\u00e3o a est\u00e9tica: conceitos, inflama\u00e7\u00f5es cr\u00f4nicas e desordens est\u00e9ticas \u2013 10h<\/li>\n<li>Anatomia, fisiologia e bioqu\u00edmica da pele e do envelhecimento cut\u00e2neo \u2013 10h<\/li>\n<li>Conduta Nutricional nos Tratamentos e Cirurgias Est\u00e9ticas \u2013 10h<\/li>\n<li>Alimenta\u00e7\u00e3o no pr\u00e9 e no p\u00f3s \u2013 operat\u00f3rio de cirurgia est\u00e9tica \u2013 10h<\/li>\n<li>Desotoxifica\u00e7\u00e3o e disbiose intestinal em est\u00e9tica \u2013 10h<\/li>\n<li>Nutri\u00e7\u00e3o est\u00e9tica na pele, cabelos e unhas, Celulite, Gordura Localizada e Flacidez \u2013 10h<\/li>\n<li>Hidrata\u00e7\u00e3o cut\u00e2nea e nutrientes no envelhecimento cut\u00e2neo \u2013 10h<\/li>\n<li>Nutri\u00e7\u00e3o est\u00e9tica na acne vulgar e ros\u00e1cea, fibroedema geloide e alopecia \u2013 10h<\/li>\n<li>Nutri\u00e7\u00e3o esportiva est\u00e9tica e Suplementos e fitoter\u00e1picos em est\u00e9tica \u2013 10h<\/li>\n<li>Semin\u00e1rios da Pesquisa I \u2013 10h<\/li>\n<li>Metodologia da Pesquisa II\u2013 10h<\/li>\n<li>Trabalho de Conclus\u00e3o de Curso \u2013 90h<\/li>\n<\/ol>\n<p>[\/vc_column_text][\/vc_tta_section][vc_tta_section i_icon_fontawesome=&#8221;fa fa-history&#8221; add_icon=&#8221;true&#8221; title=&#8221;HOR\u00c1RIO DE AULAS&#8221; tab_id=&#8221;1597189522296-e636df63-6657&#8243;][vc_column_text]<\/p>\n<ul>\n<li><em><strong>Mensalmente<\/strong><\/em><\/li>\n<li><em>&#8211; Sextas-feiras (18h \u00e0s 22h)<\/em><\/li>\n<li><em>&#8211; S\u00e1bados e Domingos (das 8h \u00e0s 12h e das 14h as 18h).<\/em><\/li>\n<\/ul>\n<p>[\/vc_column_text][\/vc_tta_section][vc_tta_section i_icon_fontawesome=&#8221;fa fa-usd&#8221; add_icon=&#8221;true&#8221; title=&#8221;INVESTIMENTO&#8221; tab_id=&#8221;1597189633486-09a30ec0-93b4&#8243;][vc_column_text]<\/p>\n<h2 data-raofz=\"28\">18 parcelas x de R$ 350,00<\/h2>\n<ul>\n<li data-raofz=\"15\"><\/li>\n<li data-raofz=\"15\"><strong>POL\u00cdTICA DE DESCONTOS:<\/strong><\/li>\n<li style=\"text-align: justify;\" data-raofz=\"15\"><em>I &#8211; Aluno de outra IES sem conv\u00eanio: matr\u00edcula valor integral (n\u00e3o tem desconto), da segunda a \u00faltima parcela desconto de 5% desde que o pagamento seja efetuado at\u00e9 a data do vencimento do boleto ;<\/em><\/li>\n<li style=\"text-align: justify;\" data-raofz=\"15\"><em>II &#8211; Egresso: desconto de 15% em todas as parcelas, desde que o pagamento seja efetuado at\u00e9 a data do vencimento do boleto;<\/em><\/li>\n<li style=\"text-align: justify;\" data-raofz=\"15\"><em>III &#8211; Institui\u00e7\u00f5es conveniadas: matr\u00edcula valor integral (n\u00e3o tem desconto), da segunda a \u00faltima parcela desconto de 15% desde que o pagamento seja efetuado at\u00e9 a data do vencimento do boleto;<\/em><\/li>\n<\/ul>\n<p>[\/vc_column_text][vc_column_text][\/vc_column_text][\/vc_tta_section][vc_tta_section i_icon_fontawesome=&#8221;fa fa-user-circle-o&#8221; add_icon=&#8221;true&#8221; title=&#8221;COORDENA\u00c7\u00c3O&#8221; tab_id=&#8221;1597190168214-17b2f473-d589&#8243;][vc_column_text]<em><strong>Prof\u00aa Ma. Liejy Agnes dos Santos Raposo Landim<\/strong><\/em><br \/>\nDoutorado em andamento em Alimentos e Nutri\u00e7\u00e3o &#8211; UFPI<br \/>\nMestrado em Alimentos e Nutri\u00e7\u00e3o &#8211; UFPI<br \/>\nEspecializa\u00e7\u00e3o em Fitoterapia &#8211; ICETEC<br \/>\nEspecializa\u00e7\u00e3o em Nutri\u00e7\u00e3o Cl\u00ednica nas Doen\u00e7as Cr\u00f4nico-Degenerativas &#8211; UNESC<br \/>\nGradua\u00e7\u00e3o em NUTRI\u00c7\u00c3O &#8211; UFPI[\/vc_column_text][\/vc_tta_section][\/vc_tta_accordion][\/vc_column][vc_column][vc_column_text]<strong>Carga hor\u00e1ria do curso: <\/strong>450 horas[\/vc_column_text][\/vc_column][\/vc_row][vc_row][vc_column][vc_column_text]<\/p>\n<p data-raofz=\"15\"><strong>N\u00famero de vagas:<\/strong>\u00a040<br \/>\n<strong>Local de Inscri\u00e7\u00e3o presencial e de Realiza\u00e7\u00e3o:<\/strong>\u00a0UNIFSA \u2013 Campus S\u00e3o Pedro \u2013 Av. Valter Alencar, 665. Bairro: S\u00e3o Pedro.<\/p>\n<p data-raofz=\"15\"><strong>Documenta\u00e7\u00e3o Necess\u00e1ria (apresentar original e c\u00f3pia quando presencial):<\/strong><\/p>\n<ul>\n<li>Diploma e Hist\u00f3rico Escolar \u2013 do Curso Superior<br \/>\n<strong>Observa\u00e7\u00e3o:<\/strong>\u00a0Alunos que est\u00e3o no pen\u00faltimo e \u00faltimo per\u00edodo poder\u00e3o se inscrever com a declara\u00e7\u00e3o de cursando e hist\u00f3rico escolar<\/li>\n<li data-raofz=\"15\">RG<\/li>\n<li data-raofz=\"15\">CPF<\/li>\n<li data-raofz=\"15\">T\u00edtulo e comprovante de vota\u00e7\u00e3o<\/li>\n<li data-raofz=\"15\">Reservista<\/li>\n<li data-raofz=\"15\">Comprovante de Resid\u00eancia<\/li>\n<\/ul>\n<p>[\/vc_column_text][\/vc_column][\/vc_row][vc_row][vc_column css_animation=&#8221;none&#8221;][vc_btn title=&#8221;D\u00favidas? Fale com a gente pelo whatsapp&#8221; color=&#8221;blue&#8221; size=&#8221;lg&#8221; align=&#8221;center&#8221; i_icon_fontawesome=&#8221;fa fa-whatsapp&#8221; css_animation=&#8221;none&#8221; add_icon=&#8221;true&#8221; link=&#8221;url:https%3A%2F%2Fapi.whatsapp.com%2Fmessage%2FYLM2PXUF6L3BM1||target:%20_blank|&#8221;][\/vc_column][\/vc_row][vc_row][vc_column][vc_column_text]Se voc\u00ea tiver interesse de se inscrever no curso, basta acessar o bot\u00e3o abaixo e enviar a documenta\u00e7\u00e3o exigida. Ap\u00f3s isso, voc\u00ea deve aguardar a comunica\u00e7\u00e3o da Coordena\u00e7\u00e3o de P\u00f3s para in\u00edcio da turma e, ent\u00e3o, fazer a impress\u00e3o do primeiro boleto.[\/vc_column_text][\/vc_column][\/vc_row][vc_row][vc_column][vc_btn title=&#8221;CLIQUE AQUI PARA SE INSCREVER&#8221; style=&#8221;3d&#8221; color=&#8221;danger&#8221; size=&#8221;lg&#8221; align=&#8221;center&#8221; i_icon_fontawesome=&#8221;fa fa-check-square-o&#8221; add_icon=&#8221;true&#8221; link=&#8221;url:https%3A%2F%2Fdocs.google.com%2Fforms%2Fd%2Fe%2F1FAIpQLSfbuUWnVsN2putJ3UDRH2gYNLDj_2tcnQMNygeeseYHEUbvmg%2Fviewform||target:%20_blank|&#8221;][\/vc_column][\/vc_row][vc_row][vc_column][vc_btn title=&#8221;CLIQUE AQUI PARA GERAR O BOLETO DE MATR\u00cdCULA&#8221; color=&#8221;mulled-wine&#8221; size=&#8221;lg&#8221; align=&#8221;center&#8221; link=&#8221;url:http%3A%2F%2Fwww2.unifsa.com.br%2FMatriculas%2FAccount%2FLogOn||target:%20_blank|&#8221;][\/vc_column][\/vc_row]<\/p>\n<\/div>","protected":false},"featured_media":0,"template":"","especializacao":[342,455,457,458,328,71,456,327],"mestrado":[],"doutorado":[],"class_list":["post-6534","pos_graduacao","type-pos_graduacao","status-publish","hentry","especializacao-administracao","especializacao-auditoria","especializacao-contabeis","especializacao-economia","especializacao-pos","especializacao-saude","especializacao-setor-publico","especializacao-unifsa"],"acf":[],"yoast_head":"<!-- This site is optimized with the Yoast SEO plugin v26.5 - https:\/\/yoast.com\/wordpress\/plugins\/seo\/ -->\n<title>Fitoterapia Clinica e Est\u00e9tica - Centro Universit\u00e1rio Santo Agostinho - UNIFSA<\/title>\n<meta name=\"robots\" content=\"index, follow, max-snippet:-1, max-image-preview:large, max-video-preview:-1\" \/>\n<link rel=\"canonical\" href=\"https:\/\/unifsa.com.br\/site\/pos_graduacao\/fitoterapia-clinica-e-estetica\/\" \/>\n<meta property=\"og:locale\" content=\"pt_BR\" \/>\n<meta property=\"og:type\" content=\"article\" \/>\n<meta property=\"og:title\" content=\"Fitoterapia Clinica e Est\u00e9tica - Centro Universit\u00e1rio Santo Agostinho - UNIFSA\" \/>\n<meta property=\"og:description\" content=\"[vc_row][vc_column][vc_single_image image=&#8221;6535&#8243; img_size=&#8221;full&#8221;][vc_column_text][\/vc_column_text][vc_column_text] Objetivos Oportunizar aos profissionais de nutri\u00e7\u00e3o a intera\u00e7\u00e3o com as principais plantas medicinais e medicamentos fitoter\u00e1picos, no intuito de prepar\u00e1-los para a prescri\u00e7\u00e3o segura, com base em um uso racional dos fitoter\u00e1picos, por meio dos conhecimentos cient\u00edficos dos princ\u00edpios ativos vegetais, indica\u00e7\u00f5es de uso, intera\u00e7\u00f5es medicamentosas, doses e rea\u00e7\u00f5es. P\u00fablico Portadores de\" \/>\n<meta property=\"og:url\" content=\"https:\/\/unifsa.com.br\/site\/pos_graduacao\/fitoterapia-clinica-e-estetica\/\" \/>\n<meta property=\"og:site_name\" content=\"Centro Universit\u00e1rio Santo Agostinho - UNIFSA\" \/>\n<meta property=\"article:publisher\" content=\"https:\/\/www.facebook.com\/unifsa\/\" \/>\n<meta name=\"twitter:card\" content=\"summary_large_image\" \/>\n<meta name=\"twitter:label1\" content=\"Est. tempo de leitura\" \/>\n\t<meta name=\"twitter:data1\" content=\"6 minutos\" \/>\n<script type=\"application\/ld+json\" class=\"yoast-schema-graph\">{\"@context\":\"https:\/\/schema.org\",\"@graph\":[{\"@type\":\"WebPage\",\"@id\":\"https:\/\/unifsa.com.br\/site\/pos_graduacao\/fitoterapia-clinica-e-estetica\/\",\"url\":\"https:\/\/unifsa.com.br\/site\/pos_graduacao\/fitoterapia-clinica-e-estetica\/\",\"name\":\"Fitoterapia Clinica e Est\u00e9tica - Centro Universit\u00e1rio Santo Agostinho - UNIFSA\",\"isPartOf\":{\"@id\":\"https:\/\/unifsa.com.br\/site\/#website\"},\"datePublished\":\"2021-03-08T21:18:57+00:00\",\"breadcrumb\":{\"@id\":\"https:\/\/unifsa.com.br\/site\/pos_graduacao\/fitoterapia-clinica-e-estetica\/#breadcrumb\"},\"inLanguage\":\"pt-BR\",\"potentialAction\":[{\"@type\":\"ReadAction\",\"target\":[\"https:\/\/unifsa.com.br\/site\/pos_graduacao\/fitoterapia-clinica-e-estetica\/\"]}]},{\"@type\":\"BreadcrumbList\",\"@id\":\"https:\/\/unifsa.com.br\/site\/pos_graduacao\/fitoterapia-clinica-e-estetica\/#breadcrumb\",\"itemListElement\":[{\"@type\":\"ListItem\",\"position\":1,\"name\":\"In\u00edcio\",\"item\":\"https:\/\/unifsa.com.br\/site\/\"},{\"@type\":\"ListItem\",\"position\":2,\"name\":\"Fitoterapia Clinica e Est\u00e9tica\"}]},{\"@type\":\"WebSite\",\"@id\":\"https:\/\/unifsa.com.br\/site\/#website\",\"url\":\"https:\/\/unifsa.com.br\/site\/\",\"name\":\"Centro Universit\u00e1rio Santo Agostinho - UNIFSA\",\"description\":\"Conhecimento para toda a vida\",\"publisher\":{\"@id\":\"https:\/\/unifsa.com.br\/site\/#organization\"},\"potentialAction\":[{\"@type\":\"SearchAction\",\"target\":{\"@type\":\"EntryPoint\",\"urlTemplate\":\"https:\/\/unifsa.com.br\/site\/?s={search_term_string}\"},\"query-input\":{\"@type\":\"PropertyValueSpecification\",\"valueRequired\":true,\"valueName\":\"search_term_string\"}}],\"inLanguage\":\"pt-BR\"},{\"@type\":\"Organization\",\"@id\":\"https:\/\/unifsa.com.br\/site\/#organization\",\"name\":\"Centro Universit\u00e1rio Santo Agostinho - UNIFSA\",\"url\":\"https:\/\/unifsa.com.br\/site\/\",\"logo\":{\"@type\":\"ImageObject\",\"inLanguage\":\"pt-BR\",\"@id\":\"https:\/\/unifsa.com.br\/site\/#\/schema\/logo\/image\/\",\"url\":\"https:\/\/unifsa.com.br\/site\/wp-content\/uploads\/2023\/03\/MARCA-UNIFSA-CIC23-q2apjs1mt975cf1wl25b044coj90fwoiee1kya6800.png\",\"contentUrl\":\"https:\/\/unifsa.com.br\/site\/wp-content\/uploads\/2023\/03\/MARCA-UNIFSA-CIC23-q2apjs1mt975cf1wl25b044coj90fwoiee1kya6800.png\",\"width\":103,\"height\":100,\"caption\":\"Centro Universit\u00e1rio Santo Agostinho - UNIFSA\"},\"image\":{\"@id\":\"https:\/\/unifsa.com.br\/site\/#\/schema\/logo\/image\/\"},\"sameAs\":[\"https:\/\/www.facebook.com\/unifsa\/\",\"https:\/\/www.instagram.com\/unifsa\/\"]}]}<\/script>\n<!-- \/ Yoast SEO plugin. -->","yoast_head_json":{"title":"Fitoterapia Clinica e Est\u00e9tica - Centro Universit\u00e1rio Santo Agostinho - UNIFSA","robots":{"index":"index","follow":"follow","max-snippet":"max-snippet:-1","max-image-preview":"max-image-preview:large","max-video-preview":"max-video-preview:-1"},"canonical":"https:\/\/unifsa.com.br\/site\/pos_graduacao\/fitoterapia-clinica-e-estetica\/","og_locale":"pt_BR","og_type":"article","og_title":"Fitoterapia Clinica e Est\u00e9tica - Centro Universit\u00e1rio Santo Agostinho - UNIFSA","og_description":"[vc_row][vc_column][vc_single_image image=&#8221;6535&#8243; img_size=&#8221;full&#8221;][vc_column_text][\/vc_column_text][vc_column_text] Objetivos Oportunizar aos profissionais de nutri\u00e7\u00e3o a intera\u00e7\u00e3o com as principais plantas medicinais e medicamentos fitoter\u00e1picos, no intuito de prepar\u00e1-los para a prescri\u00e7\u00e3o segura, com base em um uso racional dos fitoter\u00e1picos, por meio dos conhecimentos cient\u00edficos dos princ\u00edpios ativos vegetais, indica\u00e7\u00f5es de uso, intera\u00e7\u00f5es medicamentosas, doses e rea\u00e7\u00f5es. P\u00fablico Portadores de","og_url":"https:\/\/unifsa.com.br\/site\/pos_graduacao\/fitoterapia-clinica-e-estetica\/","og_site_name":"Centro Universit\u00e1rio Santo Agostinho - UNIFSA","article_publisher":"https:\/\/www.facebook.com\/unifsa\/","twitter_card":"summary_large_image","twitter_misc":{"Est. tempo de leitura":"6 minutos"},"schema":{"@context":"https:\/\/schema.org","@graph":[{"@type":"WebPage","@id":"https:\/\/unifsa.com.br\/site\/pos_graduacao\/fitoterapia-clinica-e-estetica\/","url":"https:\/\/unifsa.com.br\/site\/pos_graduacao\/fitoterapia-clinica-e-estetica\/","name":"Fitoterapia Clinica e Est\u00e9tica - Centro Universit\u00e1rio Santo Agostinho - UNIFSA","isPartOf":{"@id":"https:\/\/unifsa.com.br\/site\/#website"},"datePublished":"2021-03-08T21:18:57+00:00","breadcrumb":{"@id":"https:\/\/unifsa.com.br\/site\/pos_graduacao\/fitoterapia-clinica-e-estetica\/#breadcrumb"},"inLanguage":"pt-BR","potentialAction":[{"@type":"ReadAction","target":["https:\/\/unifsa.com.br\/site\/pos_graduacao\/fitoterapia-clinica-e-estetica\/"]}]},{"@type":"BreadcrumbList","@id":"https:\/\/unifsa.com.br\/site\/pos_graduacao\/fitoterapia-clinica-e-estetica\/#breadcrumb","itemListElement":[{"@type":"ListItem","position":1,"name":"In\u00edcio","item":"https:\/\/unifsa.com.br\/site\/"},{"@type":"ListItem","position":2,"name":"Fitoterapia Clinica e Est\u00e9tica"}]},{"@type":"WebSite","@id":"https:\/\/unifsa.com.br\/site\/#website","url":"https:\/\/unifsa.com.br\/site\/","name":"Centro Universit\u00e1rio Santo Agostinho - UNIFSA","description":"Conhecimento para toda a vida","publisher":{"@id":"https:\/\/unifsa.com.br\/site\/#organization"},"potentialAction":[{"@type":"SearchAction","target":{"@type":"EntryPoint","urlTemplate":"https:\/\/unifsa.com.br\/site\/?s={search_term_string}"},"query-input":{"@type":"PropertyValueSpecification","valueRequired":true,"valueName":"search_term_string"}}],"inLanguage":"pt-BR"},{"@type":"Organization","@id":"https:\/\/unifsa.com.br\/site\/#organization","name":"Centro Universit\u00e1rio Santo Agostinho - UNIFSA","url":"https:\/\/unifsa.com.br\/site\/","logo":{"@type":"ImageObject","inLanguage":"pt-BR","@id":"https:\/\/unifsa.com.br\/site\/#\/schema\/logo\/image\/","url":"https:\/\/unifsa.com.br\/site\/wp-content\/uploads\/2023\/03\/MARCA-UNIFSA-CIC23-q2apjs1mt975cf1wl25b044coj90fwoiee1kya6800.png","contentUrl":"https:\/\/unifsa.com.br\/site\/wp-content\/uploads\/2023\/03\/MARCA-UNIFSA-CIC23-q2apjs1mt975cf1wl25b044coj90fwoiee1kya6800.png","width":103,"height":100,"caption":"Centro Universit\u00e1rio Santo Agostinho - UNIFSA"},"image":{"@id":"https:\/\/unifsa.com.br\/site\/#\/schema\/logo\/image\/"},"sameAs":["https:\/\/www.facebook.com\/unifsa\/","https:\/\/www.instagram.com\/unifsa\/"]}]}},"_links":{"self":[{"href":"https:\/\/unifsa.com.br\/site\/wp-json\/wp\/v2\/pos_graduacao\/6534","targetHints":{"allow":["GET"]}}],"collection":[{"href":"https:\/\/unifsa.com.br\/site\/wp-json\/wp\/v2\/pos_graduacao"}],"about":[{"href":"https:\/\/unifsa.com.br\/site\/wp-json\/wp\/v2\/types\/pos_graduacao"}],"version-history":[{"count":1,"href":"https:\/\/unifsa.com.br\/site\/wp-json\/wp\/v2\/pos_graduacao\/6534\/revisions"}],"predecessor-version":[{"id":6536,"href":"https:\/\/unifsa.com.br\/site\/wp-json\/wp\/v2\/pos_graduacao\/6534\/revisions\/6536"}],"wp:attachment":[{"href":"https:\/\/unifsa.com.br\/site\/wp-json\/wp\/v2\/media?parent=6534"}],"wp:term":[{"taxonomy":"especializacao","embeddable":true,"href":"https:\/\/unifsa.com.br\/site\/wp-json\/wp\/v2\/especializacao?post=6534"},{"taxonomy":"mestrado","embeddable":true,"href":"https:\/\/unifsa.com.br\/site\/wp-json\/wp\/v2\/mestrado?post=6534"},{"taxonomy":"doutorado","embeddable":true,"href":"https:\/\/unifsa.com.br\/site\/wp-json\/wp\/v2\/doutorado?post=6534"}],"curies":[{"name":"wp","href":"https:\/\/api.w.org\/{rel}","templated":true}]}}