{"id":1291,"date":"2019-06-13T09:06:04","date_gmt":"2019-06-13T12:06:04","guid":{"rendered":"https:\/\/unifsa.com.br\/site\/?post_type=pesquisa&#038;p=1291"},"modified":"2026-01-26T13:37:36","modified_gmt":"2026-01-26T16:37:36","slug":"nip","status":"publish","type":"pesquisa","link":"https:\/\/unifsa.com.br\/site\/pesquisa\/nip\/","title":{"rendered":"N\u00facleo de Inicia\u00e7\u00e3o \u00e0 Pesquisa &#8211; NIP"},"content":{"rendered":"<div class=\"wpb-content-wrapper\"><p>[vc_row][vc_column][vc_column_text]<\/p>\n<p style=\"text-align: center;\"><img fetchpriority=\"high\" decoding=\"async\" class=\"aligncenter size-full wp-image-1842\" src=\"https:\/\/unifsa.com.br\/site\/wp-content\/uploads\/2019\/06\/NIP-UNIFSA-1.jpg\" alt=\"\" width=\"645\" height=\"198\" srcset=\"https:\/\/unifsa.com.br\/site\/wp-content\/uploads\/2019\/06\/NIP-UNIFSA-1.jpg 645w, https:\/\/unifsa.com.br\/site\/wp-content\/uploads\/2019\/06\/NIP-UNIFSA-1-300x92.jpg 300w\" sizes=\"(max-width: 645px) 100vw, 645px\" \/><\/p>\n<p>[\/vc_column_text][vc_empty_space height=&#8221;60px&#8221;][\/vc_column][\/vc_row][vc_row][vc_column][vc_tta_accordion style=&#8221;modern&#8221; shape=&#8221;round&#8221; color=&#8221;blue&#8221; spacing=&#8221;1&#8243; active_section=&#8221;&#8221;][vc_tta_section title=&#8221;Apresenta\u00e7\u00e3o&#8221; tab_id=&#8221;1575491763787-1213d6c8-ede5&#8243;][vc_column_text]<\/p>\n<p style=\"text-align: justify;\">O Centro Universit\u00e1rio Santo Agostinho, por meio do N\u00facleo de Inicia\u00e7\u00e3o \u00e0 Pesquisa \u2013 NIP, estimula o desenvolvimento de projetos e pesquisas como forma de despertar a voca\u00e7\u00e3o cient\u00edfica de seus estudantes, incentivando, deste modo, o surgimento de novos talentos.<\/p>\n<p style=\"text-align: justify;\">Criado em 2014, o NIP tem por finalidade incentivar e inserir os alunos e professores da institui\u00e7\u00e3o em atividades de pesquisa nas diferentes \u00e1reas do conhecimento. As a\u00e7\u00f5es possibilitam uma forma\u00e7\u00e3o complementar por meio da integra\u00e7\u00e3o entre a teoria e a pr\u00e1tica no processo de ensino e aprendizagem.<\/p>\n<p style=\"text-align: justify;\">Dentre as a\u00e7\u00f5es que visam estimular a produ\u00e7\u00e3o cient\u00edfica da institui\u00e7\u00e3o est\u00e3o o Programa Institucional de Bolsas de Inicia\u00e7\u00e3o Cient\u00edfica (PIBIC) e o Programa Institucional Volunt\u00e1rio de Inicia\u00e7\u00e3o Cient\u00edfica (PIVIC). Coordenados pelo NIP, os programas t\u00eam por base as orienta\u00e7\u00f5es e normativas do Conselho Nacional de Desenvolvimento Cient\u00edfico e Tecnol\u00f3gico (CNPq), ao orientar pr\u00e1ticas e pol\u00edticas de inicia\u00e7\u00e3o cient\u00edfica nas institui\u00e7\u00f5es de ensino superior.<\/p>\n<p><a href=\"https:\/\/www.unifsa.com.br\/wp-content\/uploads\/2018\/02\/DOCUMENTOS-INSTITUCIONAIS.jpg\"><img decoding=\"async\" class=\"aligncenter wp-image-50073\" src=\"https:\/\/www.unifsa.com.br\/wp-content\/uploads\/2018\/02\/DOCUMENTOS-INSTITUCIONAIS-1024x100.jpg\" sizes=\"(max-width: 645px) 100vw, 645px\" srcset=\"https:\/\/www.unifsa.com.br\/wp-content\/uploads\/2018\/02\/DOCUMENTOS-INSTITUCIONAIS-1024x100.jpg 1024w, https:\/\/www.unifsa.com.br\/wp-content\/uploads\/2018\/02\/DOCUMENTOS-INSTITUCIONAIS-300x29.jpg 300w, https:\/\/www.unifsa.com.br\/wp-content\/uploads\/2018\/02\/DOCUMENTOS-INSTITUCIONAIS-768x75.jpg 768w, https:\/\/www.unifsa.com.br\/wp-content\/uploads\/2018\/02\/DOCUMENTOS-INSTITUCIONAIS.jpg 1460w\" alt=\"\" width=\"645\" height=\"63\" \/><\/a><\/p>\n<p><strong><a href=\"\/\/unifsa.com.br\/site\/wp-content\/uploads\/2019\/06\/Regimento-N\u00facleo-de-Inicia\u00e7\u00e3o-\u00e0-Pesquisa.pdf\" target=\"_blank\" rel=\"noopener noreferrer\">Regimento \u2013 N\u00facleo de Inicia\u00e7\u00e3o \u00e0 Pesquisa<\/a><br \/>\n<\/strong><strong><a href=\"https:\/\/unifsa.com.br\/site\/wp-content\/uploads\/2019\/06\/Programa-de-Inicia\u00e7\u00e3o-Cient\u00edfica.pdf\" target=\"_blank\" rel=\"noopener noreferrer\">Programa de Inicia\u00e7\u00e3o Cient\u00edfica<\/a><\/strong><\/p>\n<p><a href=\"https:\/\/www.unifsa.com.br\/wp-content\/uploads\/2018\/01\/NOT%C3%8DCIAS-SOBRE-O-NIP-UNIFSA.jpg\"><img decoding=\"async\" class=\"wp-image-49972 aligncenter\" src=\"https:\/\/www.unifsa.com.br\/wp-content\/uploads\/2018\/01\/NOT%C3%8DCIAS-SOBRE-O-NIP-UNIFSA-1024x100.jpg\" sizes=\"(max-width: 645px) 100vw, 645px\" srcset=\"https:\/\/www.unifsa.com.br\/wp-content\/uploads\/2018\/01\/NOT\u00cdCIAS-SOBRE-O-NIP-UNIFSA-1024x100.jpg 1024w, https:\/\/www.unifsa.com.br\/wp-content\/uploads\/2018\/01\/NOT\u00cdCIAS-SOBRE-O-NIP-UNIFSA-300x29.jpg 300w, https:\/\/www.unifsa.com.br\/wp-content\/uploads\/2018\/01\/NOT\u00cdCIAS-SOBRE-O-NIP-UNIFSA-768x75.jpg 768w, https:\/\/www.unifsa.com.br\/wp-content\/uploads\/2018\/01\/NOT\u00cdCIAS-SOBRE-O-NIP-UNIFSA.jpg 1460w\" alt=\"\" width=\"645\" height=\"63\" \/><\/a><\/p>\n<ul>\n<li><a href=\"https:\/\/www.unifsa.com.br\/arquivo\/novidades\/nip-fsa-e-destaque-no-educere-congresso-nacional-de-educacao\" target=\"_blank\" rel=\"noopener noreferrer\">NIP-FSA \u00e9 destaque no EDUCERE: Congresso Nacional de Educa\u00e7\u00e3o<\/a><\/li>\n<li><a href=\"https:\/\/www.unifsa.com.br\/arquivo\/novidades\/fsa-realiza-i-forum-avancado-em-pesquisa\" target=\"_blank\" rel=\"noopener noreferrer\">FSA realiza I F\u00f3rum Avan\u00e7ado em Pesquisa<\/a><\/li>\n<li><a href=\"https:\/\/www.unifsa.com.br\/arquivo\/novidades\/criado-em-2014-o-nucleo-de-iniciacao-a-pesquisa-comemora-resultados\" target=\"_blank\" rel=\"noopener noreferrer\">Criado em 2014, o N\u00facleo de Inicia\u00e7\u00e3o \u00e0 Pesquisa comemora resultados<\/a><\/li>\n<li><a href=\"https:\/\/www.unifsa.com.br\/arquivo\/novidades\/pesquisas-realizadas-na-fsa-alcancam-visibilidade-no-cenario-academico-nacional-e-internacional\" target=\"_blank\" rel=\"noopener noreferrer\">Pesquisas realizadas na FSA alcan\u00e7am visibilidade no cen\u00e1rio acad\u00eamico nacional e internacional<\/a><\/li>\n<li><a href=\"https:\/\/www.unifsa.com.br\/arquivo\/novidades\/vivencia-na-iniciacao-cientifica-estimula-profissionais-a-investirem-na-area-de-pesquisa\" target=\"_blank\" rel=\"noopener noreferrer\">Viv\u00eancia na inicia\u00e7\u00e3o cient\u00edfica estimula profissionais a investirem na \u00e1rea de pesquisa<\/a><\/li>\n<li><a href=\"https:\/\/www.unifsa.com.br\/arquivo\/novidades\/42615\" target=\"_blank\" rel=\"noopener noreferrer\">FSA investe em a\u00e7\u00f5es de inicia\u00e7\u00e3o \u00e0 pesquisa e obt\u00e9m bons resultados<\/a><\/li>\n<li><a href=\"https:\/\/www.unifsa.com.br\/arquivo\/novidades\/obra-editada-pela-fsa-integrou-acervo-academico-no-salipi-2016\" target=\"_blank\" rel=\"noopener noreferrer\">Obra editada pela FSA integrou acervo acad\u00eamico no Salipi 2016<\/a><\/li>\n<li><a href=\"https:\/\/www.unifsa.com.br\/arquivo\/novidades\/obra-do-nip-fsa-integra-acervo-de-universidades-europeias\" target=\"_blank\" rel=\"noopener noreferrer\">Obra do NIP FSA integra acervo de universidades europeias<\/a><\/li>\n<li><a href=\"https:\/\/www.unifsa.com.br\/arquivo\/novidades\/livro-editado-pela-fsa-integra-acervo-de-universidades-alemas-e-austriacas\" target=\"_blank\" rel=\"noopener noreferrer\">Livro editado pela FSA integra acervo de universidades alem\u00e3s e austr\u00edacas<\/a><\/li>\n<li><a href=\"https:\/\/www.unifsa.com.br\/arquivo\/novidades\/fsa-realiza-o-lancamento-da-obra-saberes-partilhados-bastidores-do-fazer-ciencia\" target=\"_blank\" rel=\"noopener noreferrer\">FSA realiza o lan\u00e7amento da obra \u201cSaberes Partilhados: bastidores do fazer ci\u00eancia\u201d<\/a><\/li>\n<li><a href=\"https:\/\/www.unifsa.com.br\/arquivo\/novidades\/fsa-firma-parceria-com-a-ufpi-para-publicacao-de-livro-sobre-relatos-de-pesquisa\" target=\"_blank\" rel=\"noopener noreferrer\">FSA firma parceria com a UFPI para publica\u00e7\u00e3o de livro sobre relatos de pesquisa<\/a><\/li>\n<li><a href=\"https:\/\/www.unifsa.com.br\/arquivo\/destaque\/fsa-incentivando-a-pesquisa-valorizando-o-conhecimento\" target=\"_blank\" rel=\"noopener noreferrer\">FSA: incentivando a pesquisa, valorizando o conhecimento<\/a><\/li>\n<li data-raofz=\"15\"><a href=\"https:\/\/unifsa.com.br\/site\/informe-a-comunidade-cientifica-do-unifsa\/\" target=\"_blank\" rel=\"noopener noreferrer\">Informe \u00e0 comunidade cient\u00edfica do UNIFSA (2020.2)<\/a><\/li>\n<li><a href=\"https:\/\/unifsa.com.br\/site\/egressa-de-engenharia-de-producao-e-aprovada-em-doutorado\/\">Egressa de Egenharia de Produ\u00e7\u00e3o \u00e9 aprovada em doutorado<\/a><\/li>\n<li><a href=\"https:\/\/unifsa.com.br\/site\/resultado-final-da-selecao-de-projetos-pibic-pivic-2022-2\/\">Resultado Final da sele\u00e7\u00e3o de projetos PIBIC\/PIVIC 2022<\/a><\/li>\n<\/ul>\n<p>[\/vc_column_text][\/vc_tta_section][vc_tta_section title=&#8221;Contato&#8221; tab_id=&#8221;1575491763801-546cff88-bdfb&#8221;][vc_column_text]<\/p>\n<p style=\"text-align: justify;\"><strong>N\u00daCLEO DE INICIA\u00c7\u00c3O \u00c0 PESQUISA<\/strong><\/p>\n<p style=\"text-align: justify;\">Coordenador: Prof. Dr. Alisson Dias Gomes<br \/>\nSecret\u00e1ria: Polyana Fabiene Rodrigues<\/p>\n<p style=\"text-align: justify;\">Hor\u00e1rio de atendimento:<br \/>\nSegunda a sexta: 8h \u00e0s 12h e 13h \u00e0s 17h<\/p>\n<p style=\"text-align: justify;\">Endere\u00e7o: Av. Valter Alencar, 665, Bairro S\u00e3o Pedro<br \/>\nCEP: 64.019-625 \u2013\u00a0 Teresina\/PI<br \/>\nFone: 86 3215.8764<br \/>\nE-mail:\u00a0nip@unifsa.com.br[\/vc_column_text][\/vc_tta_section][vc_tta_section title=&#8221;Membros&#8221; tab_id=&#8221;1575493205857-fdc56c02-2403&#8243;][vc_column_text]<\/p>\n<p style=\"text-align: justify;\"><strong>Prof. Dr. Alisson Dias Gomes<\/strong>\u00a0(coordenador)<br \/>\nJornalista. Doutor em Comunicaci\u00f3n Audiovisual, Revoluci\u00f3n Tecnol\u00f3gica y Cambios Culturales pela Universidad de Salamanca, Espanha.<a href=\"http:\/\/buscatextual.cnpq.br\/buscatextual\/visualizacv.do?id=K4216751Y7\" target=\"_blank\" rel=\"noopener noreferrer\"><br \/>\nCurr\u00edculo Lattes<\/a><\/p>\n<p style=\"text-align: justify;\"><strong>Prof\u00aa. Dra.\u00a0Izabel Herika Gomes Matias Cronemberger<\/strong>\u00a0(supervisora)<br \/>\nAssistente Social. Doutora em Pol\u00edticas P\u00fablicas pela Universidade Federal do Piau\u00ed.<br \/>\n<a href=\"http:\/\/buscatextual.cnpq.br\/buscatextual\/visualizacv.do?id=K4779707D2\" target=\"_blank\" rel=\"noopener noreferrer\">Curr\u00edculo Lattes<\/a><\/p>\n<p style=\"text-align: justify;\"><strong>Prof\u00aa. Ma. Joseana Martins Soares de Rodrigues Leit\u00e3o<\/strong>\u00a0(supervisora)<br \/>\nFarmac\u00eautica. Mestra em Farmacologia pela Universidade Federal do Piau\u00ed.<br \/>\n<a href=\"http:\/\/buscatextual.cnpq.br\/buscatextual\/visualizacv.do?id=K4207037Z0\" target=\"_blank\" rel=\"noopener noreferrer\">Curr\u00edculo Lattes<\/a>[\/vc_column_text][\/vc_tta_section][vc_tta_section title=&#8221;Sele\u00e7\u00e3o de Projetos 2026\/2027&#8243; tab_id=&#8221;1706123001021-8b5e0bdc-a7af&#8221;][vc_single_image image=&#8221;43431&#8243; img_size=&#8221;full&#8221; onclick=&#8221;custom_link&#8221; img_link_target=&#8221;_blank&#8221; css=&#8221;&#8221; link=&#8221;https:\/\/unifsa.com.br\/site\/pibic-e-pivic-2026-edital-amplia-vagas-e-atualizacao-dos-criterios-de-selecao\/&#8221;][vc_column_text css=&#8221;&#8221;]<\/p>\n<h6 style=\"text-align: center;\"><\/h6>\n<h3 style=\"text-align: center;\"><strong><a href=\"https:\/\/unifsa.com.br\/site\/wp-content\/uploads\/2026\/01\/Edital-de-Selecao-de-Projetos-de-Iniciacao-Cientifica-Ano-2026-1.pdf\">Confira o edital completo <\/a><\/strong><\/h3>\n<h3 style=\"text-align: center;\"><strong><a href=\"https:\/\/forms.office.com\/r\/XV3JRqKPuu\">Formul\u00e1rio de inscri\u00e7\u00e3o<\/a><\/strong><\/h3>\n<h6 style=\"text-align: center;\"><\/h6>\n<p>[\/vc_column_text][vc_single_image image=&#8221;43434&#8243; img_size=&#8221;full&#8221; css=&#8221;&#8221;][\/vc_tta_section][vc_tta_section title=&#8221;Sele\u00e7\u00e3o de Projetos 2025\/2026&#8243; tab_id=&#8221;1769443794529-accc75ec-d9df&#8221;][vc_single_image image=&#8221;37923&#8243; img_size=&#8221;full&#8221; onclick=&#8221;custom_link&#8221; img_link_target=&#8221;_blank&#8221; css=&#8221;&#8221; link=&#8221;http:\/\/unifsa.com.br\/site\/pibic-e-pivic-2025-unifsa-lanca-edital-de-iniciacao-cientifica-inscreva-se\/&#8221;][vc_column_text css=&#8221;&#8221;]<\/p>\n<h6><\/h6>\n<p><a href=\"https:\/\/unifsa.com.br\/site\/wp-content\/uploads\/2025\/01\/Edital-de-Selecao-de-Projetos-de-Iniciacao-Cientifica-Ano-2025.pdf\">Confira o edital completo\u00a0<\/a><br \/>\n<a href=\"https:\/\/forms.office.com\/r\/Xx8BfXu5gF\">Formul\u00e1rio de inscri\u00e7\u00e3o<\/a><\/p>\n<h6><\/h6>\n<p>[\/vc_column_text][vc_single_image image=&#8221;37925&#8243; img_size=&#8221;full&#8221; css=&#8221;&#8221;][\/vc_tta_section][vc_tta_section title=&#8221;Sele\u00e7\u00e3o de Projetos 2024\/2025&#8243; tab_id=&#8221;1738589534448-22daaef7-31db&#8221;][vc_column_text]<a href=\"https:\/\/unifsa.com.br\/site\/pibic-e-pivic-2024-unifsa-lanca-edital-de-iniciacao-cientifica\/\"><img decoding=\"async\" src=\"https:\/\/trello.com\/1\/cards\/658ad8a84678cfb7ebd5eb70\/attachments\/65941aadc27bb37132f36ba1\/previews\/65941aaec27bb37132f36cb3\/download\/image.png\" alt=\"image.png\" \/><\/a><\/p>\n<p><a href=\"https:\/\/unifsa.com.br\/site\/wp-content\/uploads\/2024\/01\/Edital-de-Selecao-de-Projetos-de-Iniciacao-Cientifica-Ano-2024.pdf\">Confira o edital completo\u00a0<\/a><br \/>\n<a href=\"https:\/\/forms.office.com\/pages\/responsepage.aspx?id=KqomXUyH80S3ogfKCG9OnrvM9y5OkcVNkMusNJZvgAxUQk9ZNklQMEFJRTdJVk0zTjEzNEM4UDhBVS4u\">Formul\u00e1rio de inscri\u00e7\u00e3o<\/a><br \/>\n<a href=\"https:\/\/unifsa.com.br\/site\/edital-pibic-e-pibic-2024-inscricoes-deferidas\/\">Resultado do deferimento das inscri\u00e7\u00f5es<\/a><br \/>\n<a href=\"https:\/\/unifsa.com.br\/site\/edital-pibic-e-pivic-2024-inscricoes-deferidas-definitivas\/\">Deferimento definitivo das inscri\u00e7\u00f5es<\/a><br \/>\n<a href=\"https:\/\/unifsa.com.br\/site\/nip-divulga-ajustes-no-cronograma-da-selecao-de-projetos-de-iniciacao-cientifica-2024\/\">Aditivo ao Edital 10\/2024<\/a><br \/>\n<a href=\"https:\/\/unifsa.com.br\/site\/edital-pibic-e-pivic-2024-resultado-parcial\/\">Resultado Parcial<\/a><br \/>\n<a href=\"https:\/\/unifsa.com.br\/site\/edital-pibic-e-pivic-2024-resultado-final\/\">Resultado Final<\/a><\/p>\n<p><img decoding=\"async\" src=\"https:\/\/trello.com\/1\/cards\/658ad8a84678cfb7ebd5eb70\/attachments\/65941b8f8f04d359eeabb726\/previews\/65941b908f04d359eeabb78a\/download\/image.png\" alt=\"image.png\" \/>[\/vc_column_text][\/vc_tta_section][vc_tta_section title=&#8221;Sele\u00e7\u00e3o de Projetos 2023\/2024&#8243; tab_id=&#8221;1611581206735-504fcfb6-8963&#8243;][vc_column_text]<a href=\"https:\/\/unifsa.com.br\/site\/wp-content\/uploads\/2023\/01\/Edital-de-Sele%C3%A7%C3%A3o-de-Projetos-de-Inicia%C3%A7%C3%A3o-Cient%C3%ADfica-Ano-2023.pdf\"><img loading=\"lazy\" decoding=\"async\" class=\" wp-image-18972 aligncenter\" src=\"https:\/\/unifsa.com.br\/site\/wp-content\/uploads\/2019\/06\/image-2023-02-07T124416.490-300x90.png\" alt=\"\" width=\"753\" height=\"226\" srcset=\"https:\/\/unifsa.com.br\/site\/wp-content\/uploads\/2019\/06\/image-2023-02-07T124416.490-300x90.png 300w, https:\/\/unifsa.com.br\/site\/wp-content\/uploads\/2019\/06\/image-2023-02-07T124416.490-1024x306.png 1024w, https:\/\/unifsa.com.br\/site\/wp-content\/uploads\/2019\/06\/image-2023-02-07T124416.490-768x229.png 768w, https:\/\/unifsa.com.br\/site\/wp-content\/uploads\/2019\/06\/image-2023-02-07T124416.490.png 1280w\" sizes=\"(max-width: 753px) 100vw, 753px\" \/><\/a><\/p>\n<p><a href=\"https:\/\/unifsa.com.br\/site\/wp-content\/uploads\/2023\/01\/Edital-de-Sele%C3%A7%C3%A3o-de-Projetos-de-Inicia%C3%A7%C3%A3o-Cient%C3%ADfica-Ano-2023.pdf\">Confira Edital Completo<\/a><\/p>\n<p><a href=\"https:\/\/forms.office.com\/pages\/responsepage.aspx?id=KqomXUyH80S3ogfKCG9OnrvM9y5OkcVNkMusNJZvgAxUQjA1Q0szUko4NEk0VldFN0ZVNU5IMkhMWi4u\">Formul\u00e1rio de inscri\u00e7\u00e3o<\/a><img loading=\"lazy\" decoding=\"async\" class=\" wp-image-18971 aligncenter\" src=\"https:\/\/unifsa.com.br\/site\/wp-content\/uploads\/2019\/06\/PIBIC-MAIOR-1-1-298x300.jpg\" alt=\"\" width=\"729\" height=\"734\" srcset=\"https:\/\/unifsa.com.br\/site\/wp-content\/uploads\/2019\/06\/PIBIC-MAIOR-1-1-298x300.jpg 298w, https:\/\/unifsa.com.br\/site\/wp-content\/uploads\/2019\/06\/PIBIC-MAIOR-1-1-1017x1024.jpg 1017w, https:\/\/unifsa.com.br\/site\/wp-content\/uploads\/2019\/06\/PIBIC-MAIOR-1-1-150x150.jpg 150w, https:\/\/unifsa.com.br\/site\/wp-content\/uploads\/2019\/06\/PIBIC-MAIOR-1-1-768x773.jpg 768w, https:\/\/unifsa.com.br\/site\/wp-content\/uploads\/2019\/06\/PIBIC-MAIOR-1-1-110x110.jpg 110w, https:\/\/unifsa.com.br\/site\/wp-content\/uploads\/2019\/06\/PIBIC-MAIOR-1-1.jpg 1066w\" sizes=\"(max-width: 729px) 100vw, 729px\" \/>[\/vc_column_text][\/vc_tta_section][vc_tta_section title=&#8221;Sele\u00e7\u00e3o de Projetos 2022\/2023&#8243; tab_id=&#8221;1675340692415-4878162d-8eaa&#8221;][vc_column_text]<img loading=\"lazy\" decoding=\"async\" class=\"alignnone wp-image-11758\" src=\"https:\/\/unifsa.com.br\/site\/wp-content\/uploads\/2019\/06\/NIP_BANNER_NOVO-1-300x89.jpg\" alt=\"\" width=\"1180\" height=\"350\" srcset=\"https:\/\/unifsa.com.br\/site\/wp-content\/uploads\/2019\/06\/NIP_BANNER_NOVO-1-300x89.jpg 300w, https:\/\/unifsa.com.br\/site\/wp-content\/uploads\/2019\/06\/NIP_BANNER_NOVO-1-768x228.jpg 768w, https:\/\/unifsa.com.br\/site\/wp-content\/uploads\/2019\/06\/NIP_BANNER_NOVO-1.jpg 789w\" sizes=\"(max-width: 1180px) 100vw, 1180px\" \/><\/p>\n<p><a href=\"https:\/\/unifsa.com.br\/site\/wp-content\/uploads\/2022\/01\/Edital-Sele%C3%A7%C3%A3o-de-Projetos-de-Inicia%C3%A7%C3%A3o-Cient%C3%ADfica-2022.pdf\">Confira Edital Completo<\/a><\/p>\n<p><a href=\"https:\/\/unifsa.com.br\/site\/wp-content\/uploads\/2022\/02\/Adendo-do-Edital-de-sele\u00e7\u00e3o-de-projetos-2022.pdf\">Adendo Edital NIP 2022<\/a><\/p>\n<p><a href=\"https:\/\/unifsa.com.br\/site\/wp-content\/uploads\/2022\/01\/Formul\u00e1rio-de-inscri\u00e7\u00e3o-PIBIC-e-PIVIC-2022.docx\">Formul\u00e1rio de Inscri\u00e7\u00e3o<\/a><\/p>\n<p><a role=\"link\" href=\"https:\/\/unifsa.com.br\/site\/divulgacao-das-inscricoes-deferidas-na-selecao-de-projetos-de-iniciacao-cientifica-do-unifsa-2\/\" data-raofz=\"15\">Resultado do deferimento das inscri\u00e7\u00f5es<\/a><\/p>\n<p><a href=\"https:\/\/unifsa.com.br\/site\/wp-content\/uploads\/2022\/03\/Edital-n%C2%BA-01-2022-NIP-2022-Resultado-Parcial.pdf\">Resultado parcial<\/a><\/p>\n<p><a href=\"https:\/\/unifsa.com.br\/site\/resultado-final-da-selecao-de-projetos-pibic-pivic-2022-2\/\">Resultado final<\/a><\/p>\n<p><img loading=\"lazy\" decoding=\"async\" class=\"alignnone wp-image-11752 size-full\" src=\"https:\/\/unifsa.com.br\/site\/wp-content\/uploads\/2019\/06\/PIBIC_TAB_2.jpg\" alt=\"\" width=\"1066\" height=\"1073\" srcset=\"https:\/\/unifsa.com.br\/site\/wp-content\/uploads\/2019\/06\/PIBIC_TAB_2.jpg 1066w, https:\/\/unifsa.com.br\/site\/wp-content\/uploads\/2019\/06\/PIBIC_TAB_2-298x300.jpg 298w, https:\/\/unifsa.com.br\/site\/wp-content\/uploads\/2019\/06\/PIBIC_TAB_2-1017x1024.jpg 1017w, https:\/\/unifsa.com.br\/site\/wp-content\/uploads\/2019\/06\/PIBIC_TAB_2-150x150.jpg 150w, https:\/\/unifsa.com.br\/site\/wp-content\/uploads\/2019\/06\/PIBIC_TAB_2-768x773.jpg 768w, https:\/\/unifsa.com.br\/site\/wp-content\/uploads\/2019\/06\/PIBIC_TAB_2-110x110.jpg 110w\" sizes=\"(max-width: 1066px) 100vw, 1066px\" \/>[\/vc_column_text][\/vc_tta_section][vc_tta_section title=&#8221;Sele\u00e7\u00e3o de Projetos 2021\/2022&#8243; tab_id=&#8221;1643719364571-8ad5078b-7cce&#8221;][vc_column_text]<img loading=\"lazy\" decoding=\"async\" class=\"aligncenter wp-image-5921 size-full\" src=\"https:\/\/unifsa.com.br\/site\/wp-content\/uploads\/2019\/06\/WhatsApp-Image-2021-01-25-at-10.40.58.jpeg\" alt=\"\" width=\"1170\" height=\"350\" srcset=\"https:\/\/unifsa.com.br\/site\/wp-content\/uploads\/2019\/06\/WhatsApp-Image-2021-01-25-at-10.40.58.jpeg 1170w, https:\/\/unifsa.com.br\/site\/wp-content\/uploads\/2019\/06\/WhatsApp-Image-2021-01-25-at-10.40.58-300x90.jpeg 300w, https:\/\/unifsa.com.br\/site\/wp-content\/uploads\/2019\/06\/WhatsApp-Image-2021-01-25-at-10.40.58-1024x306.jpeg 1024w, https:\/\/unifsa.com.br\/site\/wp-content\/uploads\/2019\/06\/WhatsApp-Image-2021-01-25-at-10.40.58-768x230.jpeg 768w\" sizes=\"(max-width: 1170px) 100vw, 1170px\" \/><\/p>\n<p><a href=\"https:\/\/unifsa.com.br\/site\/wp-content\/uploads\/2021\/01\/Edital-PIBIC-e-PIVIC-2021-3.pdf\">Confira Edital Completo<\/a><\/p>\n<p><a href=\"https:\/\/docs.google.com\/forms\/d\/e\/1FAIpQLScu_pmCLWDbHq1M1fMxu90pxW54jxvKaVD5qTx6OZyKCEkB4g\/viewform\">Formul\u00e1rio de Inscri\u00e7\u00e3o<\/a><\/p>\n<p><a href=\"https:\/\/unifsa.com.br\/site\/divulgacao-das-inscricoes-deferidas-na-selecao-de-projetos-de-iniciacao-cientifica-do-unifsa\/\">Resultado do deferimento das inscri\u00e7\u00f5es<\/a><\/p>\n<p><a href=\"https:\/\/unifsa.com.br\/site\/wp-content\/uploads\/2021\/04\/Resultado-parcial-do-Edital-n-10-2021.pdf\">Resultado parcial\u00a0<\/a><\/p>\n<p><a href=\"https:\/\/unifsa.com.br\/site\/wp-content\/uploads\/2019\/06\/Resultado-final-do-Edital-n\u00ba-10-2021.pdf\">Resultado final<\/a><\/p>\n<p><img loading=\"lazy\" decoding=\"async\" class=\"aligncenter wp-image-5915 size-large\" src=\"https:\/\/unifsa.com.br\/site\/wp-content\/uploads\/2021\/01\/WhatsApp-Image-2021-01-15-at-12.46.15-1024x1016.jpeg\" alt=\"\" width=\"1024\" height=\"1016\" srcset=\"https:\/\/unifsa.com.br\/site\/wp-content\/uploads\/2021\/01\/WhatsApp-Image-2021-01-15-at-12.46.15-1024x1016.jpeg 1024w, https:\/\/unifsa.com.br\/site\/wp-content\/uploads\/2021\/01\/WhatsApp-Image-2021-01-15-at-12.46.15-300x298.jpeg 300w, https:\/\/unifsa.com.br\/site\/wp-content\/uploads\/2021\/01\/WhatsApp-Image-2021-01-15-at-12.46.15-150x150.jpeg 150w, https:\/\/unifsa.com.br\/site\/wp-content\/uploads\/2021\/01\/WhatsApp-Image-2021-01-15-at-12.46.15-768x762.jpeg 768w, https:\/\/unifsa.com.br\/site\/wp-content\/uploads\/2021\/01\/WhatsApp-Image-2021-01-15-at-12.46.15-110x110.jpeg 110w, https:\/\/unifsa.com.br\/site\/wp-content\/uploads\/2021\/01\/WhatsApp-Image-2021-01-15-at-12.46.15.jpeg 1084w\" sizes=\"(max-width: 1024px) 100vw, 1024px\" \/>[\/vc_column_text][\/vc_tta_section][vc_tta_section title=&#8221;Sele\u00e7\u00e3o de Projetos 2020\/2021&#8243; tab_id=&#8221;1579180284373-374c4b1a-c13e&#8221;][vc_column_text]<img loading=\"lazy\" decoding=\"async\" class=\"aligncenter size-full wp-image-2611\" src=\"https:\/\/unifsa.com.br\/site\/wp-content\/uploads\/2019\/06\/BANNER-NIP-01.jpg\" alt=\"\" width=\"768\" height=\"138\" srcset=\"https:\/\/unifsa.com.br\/site\/wp-content\/uploads\/2019\/06\/BANNER-NIP-01.jpg 768w, https:\/\/unifsa.com.br\/site\/wp-content\/uploads\/2019\/06\/BANNER-NIP-01-300x54.jpg 300w\" sizes=\"(max-width: 768px) 100vw, 768px\" \/><\/p>\n<p><a href=\"https:\/\/unifsa.com.br\/site\/wp-content\/uploads\/2019\/06\/Edital-PIBIC-e-PIVIC-2020.pdf\">Edital &#8211; PIBIC e PIVIC &#8211; 2020<\/a><br \/>\n<a href=\"https:\/\/unifsa.com.br\/site\/wp-content\/uploads\/2019\/06\/Formulario-de-inscricao-PIBIC-e-PIVIC-2020.docx\">Formul\u00e1rio de inscri\u00e7\u00e3o &#8211; PIBIC e PIVIC 2020<\/a><br \/>\n<img loading=\"lazy\" decoding=\"async\" class=\"aligncenter wp-image-2613 size-full\" src=\"https:\/\/unifsa.com.br\/site\/wp-content\/uploads\/2019\/06\/CRONOGRAMA-NIP.jpg\" alt=\"\" width=\"1672\" height=\"1032\" srcset=\"https:\/\/unifsa.com.br\/site\/wp-content\/uploads\/2019\/06\/CRONOGRAMA-NIP.jpg 1672w, https:\/\/unifsa.com.br\/site\/wp-content\/uploads\/2019\/06\/CRONOGRAMA-NIP-300x185.jpg 300w, https:\/\/unifsa.com.br\/site\/wp-content\/uploads\/2019\/06\/CRONOGRAMA-NIP-1024x632.jpg 1024w, https:\/\/unifsa.com.br\/site\/wp-content\/uploads\/2019\/06\/CRONOGRAMA-NIP-768x474.jpg 768w, https:\/\/unifsa.com.br\/site\/wp-content\/uploads\/2019\/06\/CRONOGRAMA-NIP-1536x948.jpg 1536w\" sizes=\"(max-width: 1672px) 100vw, 1672px\" \/><\/p>\n<p><a href=\"https:\/\/unifsa.com.br\/site\/wp-content\/uploads\/2019\/06\/Cancelamento-do-Edital-N-02-2020-1.pdf\"><strong>Comunicado sobre o EDITAL N\u00ba 02\/2020<\/strong><\/a>[\/vc_column_text][vc_column_text][\/vc_column_text][\/vc_tta_section][vc_tta_section title=&#8221;Sele\u00e7\u00e3o de Projetos 2019\/2020&#8243; tab_id=&#8221;1575493590557-9db4f512-72e2&#8243;][vc_column_text]<a href=\"https:\/\/www.unifsa.com.br\/wp-content\/uploads\/2019\/02\/Edital.jpg\"><img loading=\"lazy\" decoding=\"async\" class=\"aligncenter wp-image-54587\" src=\"https:\/\/www.unifsa.com.br\/wp-content\/uploads\/2019\/02\/Edital-1024x184.jpg\" sizes=\"(max-width: 645px) 100vw, 645px\" srcset=\"https:\/\/www.unifsa.com.br\/wp-content\/uploads\/2019\/02\/Edital-1024x184.jpg 1024w, https:\/\/www.unifsa.com.br\/wp-content\/uploads\/2019\/02\/Edital-300x54.jpg 300w, https:\/\/www.unifsa.com.br\/wp-content\/uploads\/2019\/02\/Edital-768x138.jpg 768w, https:\/\/www.unifsa.com.br\/wp-content\/uploads\/2019\/02\/Edital.jpg 1289w\" alt=\"\" width=\"645\" height=\"116\" \/><\/a><\/p>\n<p><a href=\"https:\/\/www.unifsa.com.br\/wp-content\/uploads\/2019\/01\/Edital-PIBIC-e-PIVIC-2019.pdf\" target=\"_blank\" rel=\"noopener noreferrer\"><strong>EDITAL PIBIC e PIVIC UNIFSA 2019<\/strong><\/a><br \/>\n<strong><a href=\"https:\/\/www.unifsa.com.br\/wp-content\/uploads\/2019\/02\/Complementa%C3%A7%C3%A3o-Edital-PIBIC-e-PIVIC-2019.pdf\" target=\"_blank\" rel=\"noopener noreferrer\">Complementa\u00e7\u00e3o \u2013 Edital \u2013 PIBIC e PIVIC 2019<\/a><br \/>\n<\/strong><a href=\"https:\/\/www.unifsa.com.br\/wp-content\/uploads\/2019\/01\/Formulario-de-inscricao-PIBIC-e-PIVIC-2019.docx\" target=\"_blank\" rel=\"noopener noreferrer\"><strong>Formul\u00e1rio de Inscri\u00e7\u00e3o 2019<\/strong><\/a><br \/>\n<a href=\"https:\/\/www.unifsa.com.br\/wp-content\/uploads\/2019\/02\/Cronograma-PIBIC-e-PIVIC-Edital-n%C2%BA-02-2019.pdf\" target=\"_blank\" rel=\"noopener noreferrer\"><strong>Cronograma PIBIC e PIVIC \u2013 Edital n\u00ba 02\/2019<\/strong><\/a><\/p>\n<p><a href=\"https:\/\/www.unifsa.com.br\/wp-content\/uploads\/2019\/03\/PROJETOS-SELECIONADOS-2019.jpg\"><img loading=\"lazy\" decoding=\"async\" class=\"aligncenter wp-image-54878\" src=\"https:\/\/www.unifsa.com.br\/wp-content\/uploads\/2019\/03\/PROJETOS-SELECIONADOS-2019-1024x87.jpg\" sizes=\"(max-width: 707px) 100vw, 707px\" srcset=\"https:\/\/www.unifsa.com.br\/wp-content\/uploads\/2019\/03\/PROJETOS-SELECIONADOS-2019-1024x87.jpg 1024w, https:\/\/www.unifsa.com.br\/wp-content\/uploads\/2019\/03\/PROJETOS-SELECIONADOS-2019-300x26.jpg 300w, https:\/\/www.unifsa.com.br\/wp-content\/uploads\/2019\/03\/PROJETOS-SELECIONADOS-2019-768x65.jpg 768w, https:\/\/www.unifsa.com.br\/wp-content\/uploads\/2019\/03\/PROJETOS-SELECIONADOS-2019.jpg 1290w\" alt=\"\" width=\"707\" height=\"60\" \/><\/a><\/p>\n<p><strong><a href=\"https:\/\/www.unifsa.com.br\/wp-content\/uploads\/2019\/03\/Resultado-Edital-02-2019-1.pdf\" target=\"_blank\" rel=\"noopener noreferrer\">PROJETOS SELECIONADOS PIBIC E PIVIC 2019\/2020 \u2013 Resultado parcial<\/a><\/strong><\/p>\n<p><strong><a href=\"https:\/\/www.unifsa.com.br\/arquivo\/novidades\/nip-divulga-resultado-da-seletiva-de-projetos-pibic-e-pivic-2019-2020\" target=\"_blank\" rel=\"noopener noreferrer\">PROJETOS SELECIONADOS PIBIC E PIVIC 2019\/2020 \u2013 Resultado final<\/a><\/strong><\/p>\n<p><img loading=\"lazy\" decoding=\"async\" class=\"alignnone wp-image-7124 \" src=\"https:\/\/unifsa.com.br\/site\/wp-content\/uploads\/2019\/06\/WhatsApp-Image-2021-05-19-at-10.11.47-1.jpeg\" alt=\"\" width=\"684\" height=\"55\" srcset=\"https:\/\/unifsa.com.br\/site\/wp-content\/uploads\/2019\/06\/WhatsApp-Image-2021-05-19-at-10.11.47-1.jpeg 1280w, https:\/\/unifsa.com.br\/site\/wp-content\/uploads\/2019\/06\/WhatsApp-Image-2021-05-19-at-10.11.47-1-300x24.jpeg 300w, https:\/\/unifsa.com.br\/site\/wp-content\/uploads\/2019\/06\/WhatsApp-Image-2021-05-19-at-10.11.47-1-1024x83.jpeg 1024w, https:\/\/unifsa.com.br\/site\/wp-content\/uploads\/2019\/06\/WhatsApp-Image-2021-05-19-at-10.11.47-1-768x62.jpeg 768w\" sizes=\"(max-width: 684px) 100vw, 684px\" \/><br \/>\n<strong><a href=\"https:\/\/unifsa.com.br\/site\/encontro-do-nip-unifsa-promove-assinatura-dos-termos-para-inicio-de-novas-pesquisas\/\">Encontro do NIP UNIFSA promove assinatura dos termos para in\u00edcio de novas pesquisa<\/a><\/strong><\/p>\n<p><img loading=\"lazy\" decoding=\"async\" class=\"alignnone wp-image-7126 \" src=\"https:\/\/unifsa.com.br\/site\/wp-content\/uploads\/2019\/06\/WhatsApp-Image-2021-05-19-at-10.43.50.jpeg\" alt=\"\" width=\"672\" height=\"54\" srcset=\"https:\/\/unifsa.com.br\/site\/wp-content\/uploads\/2019\/06\/WhatsApp-Image-2021-05-19-at-10.43.50.jpeg 1280w, https:\/\/unifsa.com.br\/site\/wp-content\/uploads\/2019\/06\/WhatsApp-Image-2021-05-19-at-10.43.50-300x24.jpeg 300w, https:\/\/unifsa.com.br\/site\/wp-content\/uploads\/2019\/06\/WhatsApp-Image-2021-05-19-at-10.43.50-1024x83.jpeg 1024w, https:\/\/unifsa.com.br\/site\/wp-content\/uploads\/2019\/06\/WhatsApp-Image-2021-05-19-at-10.43.50-768x62.jpeg 768w\" sizes=\"(max-width: 672px) 100vw, 672px\" \/><\/p>\n<p><strong><a href=\"https:\/\/unifsa.com.br\/site\/pibic-unifsa-qualidade-na-rede-de-energia-eletrica-de-teresina-e-regiao-metropolitana-e-tema-de-pesquisa\/\">PIBIC UNIFSA: Qualidade na rede de energia el\u00e9trica de Teresina e regi\u00e3o metropolitana \u00e9 tema de pesquisa<\/a><\/strong><br \/>\n<strong><a href=\"https:\/\/unifsa.com.br\/site\/pibic-unifsa-pesquisadores-investigam-as-representacoes-de-estudantes-de-psicologia-sobre-homoafetividade\/\">PIBIC UNIFSA: Pesquisadores investigam as representa\u00e7\u00f5es de estudantes de Psicologia sobre Homoafetividade<\/a><\/strong><br \/>\n<a href=\"https:\/\/unifsa.com.br\/site\/pibic-unifsa-pesquisadoras-estudam-as-evidencias-cientificas-do-teste-de-micronucelos\/\"><strong>PIBIC UNIFSA: Pesquisadoras estudam as evid\u00eancias cient\u00edficas do teste de micron\u00facelos<\/strong><\/a><br \/>\n<a href=\"https:\/\/unifsa.com.br\/site\/pibic-unifsa-pesquisadores-reunem-informacoes-sobre-movimentos-sociais-no-piaui-no-final-da-ditadura-militar-do-brasil\/\"><strong>PIBIC UNIFSA: Pesquisadores re\u00fanem informa\u00e7\u00f5es sobre Movimentos Sociais no Piau\u00ed no final da Ditadura Militar do Brasil<\/strong><\/a><br \/>\n<a href=\"https:\/\/unifsa.com.br\/site\/pibic-unifsa-contrucao-de-noticia-sobre-estupro-coletivo-e-tema-de-pesquisa-de-pesquisadores-do-curso-de-psicologia\/\"><strong>PIBIC UNIFSA: Constru\u00e7\u00e3o de not\u00edcia sobre estupro coletivo \u00e9 tema de pesquisa de pesquisadores do curso de Psicologia<\/strong><\/a><br \/>\n<strong><a href=\"https:\/\/unifsa.com.br\/site\/pibic-unifsa-pesquisadoras-investigam-a-judicializacao-do-direito-a-saude-no-brasil\/\">PIBIC UNIFSA: Pesquisadoras investigam a judicializa\u00e7\u00e3o do direito \u00e0 sa\u00fade no Brasil<\/a><\/strong><br \/>\n<a href=\"https:\/\/unifsa.com.br\/site\/pivic-unifsa-impermeabilizacao-em-construcoes-de-teresina-e-tema-de-pesquisa\/\"><strong>PIVIC UNIFSA: impermeabiliza\u00e7\u00e3o em constru\u00e7\u00f5es de Teresina \u00e9 tema de pesquisa <\/strong><\/a><br \/>\n<strong><a href=\"https:\/\/unifsa.com.br\/site\/pivic-unifsa-pesquisadoras-realizam-intervencao-nutricional-na-selecao-piauiense-de-volei\/\">PIVIC UNIFSA: Pesquisadoras realizam interven\u00e7\u00e3o nutricional na sele\u00e7\u00e3o piauiense de v\u00f4lei<\/a><br \/>\n<a href=\"https:\/\/unifsa.com.br\/site\/pivic-unifsa-pesquisadores-investigam-as-politicas-de-inclusao-da-populacao-lgbt-no-ensino-superior\/\">PIVIC UNIFSA: pesquisadores investigam as pol\u00edticas de inclus\u00e3o da popula\u00e7\u00e3o LGBT no Ensino Superior<\/a><br \/>\n<a href=\"https:\/\/unifsa.com.br\/site\/pibic-unifsa-pesquisadoras-estudam-efeitos-da-suplementacao-de-omega-3-magnesio-e-vitamina-b12-na-funcao-cognitiva-de-idosos-com-alzheimer\/\">PIBIC UNIFSA: pesquisadoras estudam efeitos da suplementa\u00e7\u00e3o de \u00f4mega 3, magn\u00e9sio e vitamina B12 na fun\u00e7\u00e3o cognitiva de idosos com Alzheimer <\/a><br \/>\n<a href=\"https:\/\/unifsa.com.br\/site\/pibic-unifsa-pesquisa-realiza-comparativo-entre-a-qualidade-alimentar-de-alunos-de-escola-publica-e-privada-de-teresina\/\">PIBIC UNIFSA: Pesquisa realiza comparativo entre a qualidade alimentar de alunos de escola p\u00fablica e privada de Teresina <\/a><br \/>\n<a href=\"https:\/\/unifsa.com.br\/site\/pibic-unifsa-pesquisadoras-estudam-os-beneficios-do-exercicio-fisico-para-a-neuroplasticidade\/\">PIBIC UNIFSA: Pesquisadoras estudam os benef\u00edcios do exerc\u00edcio f\u00edsico para a neuroplasticidade<\/a><br \/>\n<a href=\"https:\/\/unifsa.com.br\/site\/pibic-unifsa-pesquisadores-estudam-as-atividades-do-oleo-essencial-de-dysphania-ambrosioides-i\/\">PIBIC UNIFSA: pesquisadores estudam as atividades do \u00f3leo essencial de Dysphania ambrosioides I<\/a><br \/>\n<a href=\"https:\/\/unifsa.com.br\/site\/pivic-unifsa-pesquisadoras-estudam-sobre-maternidade-e-carreira-profissional\/\">PIVIC UNIFSA: pesquisadoras estudam sobre maternidade e carreira profissional<\/a><\/strong>[\/vc_column_text][\/vc_tta_section][vc_tta_section title=&#8221;Sele\u00e7\u00e3o de Projetos 2018\/2019&#8243; tab_id=&#8221;1575494383171-0136d6c8-cadd&#8221;][vc_column_text]<a href=\"https:\/\/www.unifsa.com.br\/wp-content\/uploads\/2018\/01\/banner-site-nip.jpg\"><img loading=\"lazy\" decoding=\"async\" class=\"aligncenter size-full wp-image-49898\" src=\"https:\/\/www.unifsa.com.br\/wp-content\/uploads\/2018\/01\/banner-site-nip.jpg\" sizes=\"(max-width: 610px) 100vw, 610px\" srcset=\"https:\/\/www.unifsa.com.br\/wp-content\/uploads\/2018\/01\/banner-site-nip.jpg 610w, https:\/\/www.unifsa.com.br\/wp-content\/uploads\/2018\/01\/banner-site-nip-300x72.jpg 300w\" alt=\"\" width=\"610\" height=\"146\" \/><\/a><\/p>\n<p><strong><a href=\"https:\/\/www.unifsa.com.br\/wp-content\/uploads\/2018\/01\/Edital-PIBIC-e-PIVIC-UNIFSA-2018.pdf\" target=\"_blank\" rel=\"noopener noreferrer\">Edital PIBIC e PIVIC UNIFSA \u2013 2018<\/a><\/strong><\/p>\n<p><strong><a href=\"https:\/\/www.unifsa.com.br\/wp-content\/uploads\/2018\/01\/Formulario-de-inscricao-PIBIC-e-PIVIC.docx\">Formul\u00e1rio de inscri\u00e7\u00e3o \u2013 PIBIC\/PIVIC 2018<\/a><\/strong><\/p>\n<p><strong><a href=\"https:\/\/www.unifsa.com.br\/wp-content\/uploads\/2018\/04\/Cronograma-PIBIC-e-PIVIC-UNIFSA-Edital-003-2018.pdf\" target=\"_blank\" rel=\"noopener noreferrer\">Cronograma PIBIC e PIVIC UNIFSA \u2013 Edital n\u00ba 003\/2018<\/a><\/strong><\/p>\n<p><a href=\"https:\/\/www.unifsa.com.br\/wp-content\/uploads\/2018\/03\/PROJETOS-SELECIONADOS-2018.jpg\"><img loading=\"lazy\" decoding=\"async\" class=\"aligncenter wp-image-50856\" src=\"https:\/\/www.unifsa.com.br\/wp-content\/uploads\/2018\/03\/PROJETOS-SELECIONADOS-2018.jpg\" sizes=\"(max-width: 645px) 100vw, 645px\" srcset=\"https:\/\/www.unifsa.com.br\/wp-content\/uploads\/2018\/03\/PROJETOS-SELECIONADOS-2018.jpg 1460w, https:\/\/www.unifsa.com.br\/wp-content\/uploads\/2018\/03\/PROJETOS-SELECIONADOS-2018-300x29.jpg 300w, https:\/\/www.unifsa.com.br\/wp-content\/uploads\/2018\/03\/PROJETOS-SELECIONADOS-2018-768x75.jpg 768w, https:\/\/www.unifsa.com.br\/wp-content\/uploads\/2018\/03\/PROJETOS-SELECIONADOS-2018-1024x100.jpg 1024w\" alt=\"\" width=\"645\" height=\"63\" \/><\/a><\/p>\n<p><strong><a href=\"https:\/\/www.unifsa.com.br\/wp-content\/uploads\/2018\/04\/RESULTADO-FINAL-PIBIC-E-PIVIC-2018.pdf\" target=\"_blank\" rel=\"noopener noreferrer\">PROJETOS SELECIONADOS PIBIC E PIVIC 2018\/2019 \u2013 RESULTADO FINAL<\/a><\/strong><\/p>\n<p><strong><a href=\"https:\/\/www.unifsa.com.br\/wp-content\/uploads\/2018\/03\/RESULTADO-PARCIAL-PIBIC-e-PIVIC-2018.pdf\" target=\"_blank\" rel=\"noopener noreferrer\">PROJETOS SELECIONADOS PIBIC E PIVIC 2018\/2019 \u2013 Resultado parcial\u00a0<\/a><\/strong><\/p>\n<p><a href=\"https:\/\/www.unifsa.com.br\/wp-content\/uploads\/2019\/02\/mostra.jpg\"><img loading=\"lazy\" decoding=\"async\" class=\"aligncenter wp-image-54566\" src=\"https:\/\/www.unifsa.com.br\/wp-content\/uploads\/2019\/02\/mostra.jpg\" sizes=\"(max-width: 645px) 100vw, 645px\" srcset=\"https:\/\/www.unifsa.com.br\/wp-content\/uploads\/2019\/02\/mostra.jpg 1460w, https:\/\/www.unifsa.com.br\/wp-content\/uploads\/2019\/02\/mostra-300x29.jpg 300w, https:\/\/www.unifsa.com.br\/wp-content\/uploads\/2019\/02\/mostra-768x75.jpg 768w, https:\/\/www.unifsa.com.br\/wp-content\/uploads\/2019\/02\/mostra-1024x100.jpg 1024w\" alt=\"\" width=\"645\" height=\"63\" \/><\/a><\/p>\n<p><a href=\"https:\/\/www.unifsa.com.br\/arquivo\/novidades\/academicos-sao-protagonistas-na-v-mostra-de-resultados-parciais-pibic-pivic\" target=\"_blank\" rel=\"noopener noreferrer\"><strong>Acad\u00eamicos s\u00e3o protagonistas na V Mostra de Resultados Parciais PIBIC\/PIVIC<\/strong><\/a><\/p>\n<div class=\"wp-block-image\"><\/div>\n<p><img loading=\"lazy\" decoding=\"async\" class=\"aligncenter wp-image-53656\" src=\"https:\/\/www.unifsa.com.br\/wp-content\/uploads\/2018\/10\/SALA.jpg\" sizes=\"(max-width: 645px) 100vw, 645px\" srcset=\"https:\/\/www.unifsa.com.br\/wp-content\/uploads\/2018\/10\/SALA.jpg 1460w, https:\/\/www.unifsa.com.br\/wp-content\/uploads\/2018\/10\/SALA-300x29.jpg 300w, https:\/\/www.unifsa.com.br\/wp-content\/uploads\/2018\/10\/SALA-768x75.jpg 768w, https:\/\/www.unifsa.com.br\/wp-content\/uploads\/2018\/10\/SALA-1024x100.jpg 1024w\" alt=\"\" width=\"645\" height=\"63\" \/><strong><a href=\"https:\/\/www.unifsa.com.br\/arquivo\/novidades\/pesquisadores-discutem-a-ciencia-como-transformador-social\" target=\"_blank\" rel=\"noopener noreferrer\">Pesquisadores discutem a Ci\u00eancia como transformador social<\/a><\/strong><\/p>\n<p><strong><a href=\"https:\/\/www.unifsa.com.br\/arquivo\/novidades\/pibic-unifsa-pesquisadoras-investigam-a-judicializacao-do-direito-a-saude-no-brasil\" target=\"_blank\" rel=\"noopener noreferrer\">PIBIC UNIFSA: Pesquisadoras investigam a judicializa\u00e7\u00e3o do direito \u00e0 sa\u00fade no Brasil<\/a><\/strong><\/p>\n<p><strong><a href=\"https:\/\/www.unifsa.com.br\/arquivo\/novidades\/pibic-unifsa-fatos-noticiosos-sobre-estupro-coletivo-e-tema-de-pesquisa-de-pesquisadores-do-curso-de-psicologia\" target=\"_blank\" rel=\"noopener noreferrer\">PIBIC UNIFSA: Constru\u00e7\u00e3o de not\u00edcia sobre estupro coletivo \u00e9 tema de pesquisadores do curso de Psicologia<\/a><\/strong><\/p>\n<p><strong><a href=\"https:\/\/www.unifsa.com.br\/arquivo\/novidades\/pibic-unifsa-pesquisadores-reunem-informacoes-sobre-movimentos-sociais-no-piaui-no-final-da-ditadura-militar-do-brasil\">PIBIC UNIFSA: Pesquisadores re\u00fanem informa\u00e7\u00f5es sobre Movimentos Sociais no Piau\u00ed no final da Ditadura Militar do Brasil<\/a><\/strong><\/p>\n<p><strong><a href=\"https:\/\/www.unifsa.com.br\/arquivo\/novidades\/pivic-unifsa-pesquisadoras-realizam-intervencao-nutricional-na-selecao-piauiense-de-volei\" target=\"_blank\" rel=\"noopener noreferrer\">PIVIC UNIFSA: Pesquisadoras realizam interven\u00e7\u00e3o nutricional na sele\u00e7\u00e3o piauiense de v\u00f4lei<\/a><\/strong><\/p>\n<p><strong><a href=\"https:\/\/www.unifsa.com.br\/arquivo\/novidades\/pibic-unifsa-pesquisadoras-estudam-as-evidencias-cientificas-do-teste-de-micronucelos-como-biomarcador-para-pacientes-com-patologias-diversas\" target=\"_blank\" rel=\"noopener noreferrer\">PIBIC UNIFSA: Pesquisadoras estudam as evid\u00eancias cient\u00edficas do teste de micron\u00facleos<\/a><\/strong><\/p>\n<p><strong><a href=\"https:\/\/www.unifsa.com.br\/arquivo\/novidades\/pibic-unifsa-pesquisadores-investigam-as-representacoes-de-estudantes-de-psicologia-sobre-homoafetividade\" target=\"_blank\" rel=\"noopener noreferrer\">PIBIC UNIFSA: Pesquisadores investigam as representa\u00e7\u00f5es de estudantes de Psicologia sobre Homoafetividade<\/a><\/strong><\/p>\n<p><strong><a href=\"https:\/\/www.unifsa.com.br\/arquivo\/novidades\/pivic-unifsa-impermeabilizacao-em-construcoes-de-teresina-e-tema-de-pesquisa\" target=\"_blank\" rel=\"noopener noreferrer\">PIVIC UNIFSA:\u00a0 Impermeabiliza\u00e7\u00e3o em constru\u00e7\u00f5es de Teresina \u00e9 tema de pesquisa<\/a><\/strong><\/p>\n<p><strong><a href=\"https:\/\/www.unifsa.com.br\/arquivo\/novidades\/pivic-unifsa-pesquisadores-investigam-as-politicas-de-inclusao-da-populacao-lgbt-no-ensino-superior\" target=\"_blank\" rel=\"noopener noreferrer\">PIVIC UNIFSA: Pesquisadores investigam as pol\u00edticas de inclus\u00e3o da popula\u00e7\u00e3o LGBT no Ensino Superior<\/a><\/strong><\/p>\n<p><strong><a href=\"https:\/\/www.unifsa.com.br\/arquivo\/novidades\/pibic-unifsa-qualidade-na-rede-de-energia-eletrica-de-teresina-e-regiao-metropolitana-e-tema-de-pesquisa\" target=\"_blank\" rel=\"noopener noreferrer\">PIBIC UNIFSA: Qualidade na rede de energia el\u00e9trica de Teresina e regi\u00e3o metropolitana \u00e9 tema de pesquisa<\/a><\/strong><\/p>\n<p><a href=\"https:\/\/www.unifsa.com.br\/arquivo\/novidades\/pibic-unifsa-pesquisadores-estudam-as-atividades-do-oleo-essencial-de-dysphania-ambrosioides-i\" target=\"_blank\" rel=\"noopener noreferrer\"><strong>PIBIC UNIFSA: Pesquisadores estudam as atividades do \u00f3leo essencial de\u00a0<em>Dysphania ambrosioides I<\/em><\/strong><\/a><\/p>\n<p><a href=\"https:\/\/www.unifsa.com.br\/arquivo\/novidades\/pibic-unifsa-pesquisadoras-estudam-os-beneficios-do-exercicio-fisico-para-a-neuroplasticidade\" target=\"_blank\" rel=\"noopener noreferrer\"><strong>PIBIC UNIFSA: Pesquisadoras estudam os benef\u00edcios do exerc\u00edcio f\u00edsico para a neuroplasticidade<\/strong><\/a><\/p>\n<p><a href=\"https:\/\/www.unifsa.com.br\/arquivo\/novidades\/pibic-unifsa-pesquisa-realiza-comparativo-entre-a-qualidade-alimentar-de-alunos-de-escola-publica-e-privada-de-teresina\" target=\"_blank\" rel=\"noopener noreferrer\"><strong>PIBIC UNIFSA: Pesquisa realiza comparativo entre a qualidade alimentar de alunos de escola p\u00fablica e privada de Teresina<\/strong><\/a><\/p>\n<p><strong><a href=\"https:\/\/www.unifsa.com.br\/arquivo\/novidades\/pibic-unifsa-pesquisadoras-estudam-efeitos-da-suplementacao-de-omega-3-magnesio-e-vitamina-b12-na-funcao-cognitiva-de-idosos-com-alzheimer\" target=\"_blank\" rel=\"noopener noreferrer\">PIBIC UNIFSA: Pesquisadoras estudam efeitos da suplementa\u00e7\u00e3o de \u00f4mega 3, magn\u00e9sio e vitamina B12 na fun\u00e7\u00e3o cognitiva de idosos com Alzheimer<\/a><\/strong><\/p>\n<p><a href=\"https:\/\/www.unifsa.com.br\/arquivo\/novidades\/pibic-unifsa-pesquisadores-estudam-o-processo-de-simbiose-industrial\" target=\"_blank\" rel=\"noopener noreferrer\"><strong>PIBIC UNIFSA: Pesquisadores realizam mapeamento do processo de simbiose industrial<\/strong><\/a><\/p>\n<p><a href=\"https:\/\/www.unifsa.com.br\/arquivo\/novidades\/pibic-unifsa-pesquisadoras-estudam-as-representacoes-sociais-da-adocao-por-casais-homoafetivos\" target=\"_blank\" rel=\"noopener noreferrer\"><strong>PIBIC UNIFSA: Pesquisadoras estudam as representa\u00e7\u00f5es sociais da ado\u00e7\u00e3o por casais homoafetivos<\/strong><\/a><\/p>\n<p><a href=\"https:\/\/www.unifsa.com.br\/arquivo\/novidades\/pibic-unifsa-pesquisadores-avaliam-a-respiracao-de-atletas-da-selecao-piauiense-de-volei\" target=\"_blank\" rel=\"noopener noreferrer\"><strong>PIBIC UNIFSA: Pesquisadores avaliam a respira\u00e7\u00e3o de atletas da sele\u00e7\u00e3o piauiense de v\u00f4lei<\/strong><\/a><\/p>\n<p><a href=\"https:\/\/www.unifsa.com.br\/arquivo\/novidades\/pivic-unifsa-pesquisadoras-investigam-o-uso-de-plantas-medicinais-e-fitoterapicos-no-autocuidado\" target=\"_blank\" rel=\"noopener noreferrer\"><strong>PIVIC UNIFSA: Pesquisadoras investigam o uso de plantas medicinais e fitoter\u00e1picos no autocuidado<\/strong><\/a><\/p>\n<p><a href=\"https:\/\/www.unifsa.com.br\/arquivo\/novidades\/pibic-pesquisadores-avaliam-a-citotoxidade-mutagenicidade-e-toxicidade-da-quitosana\" target=\"_blank\" rel=\"noopener noreferrer\"><strong>PIBIC: Pesquisadores avaliam a citotoxidade, mutagenicidade e toxicidade da Quitosana<\/strong><\/a><\/p>\n<p><strong><a href=\"https:\/\/www.unifsa.com.br\/arquivo\/novidades\/pibic-pesquisadoras-estudam-a-rotura-precoce-de-membranas-no-pos-parto-de-mulheres-atendidas-em-uma-maternidade-de-teresina-pi\" target=\"_blank\" rel=\"noopener noreferrer\">PIBIC: Pesquisadoras estudam a rotura precoce de membranas no p\u00f3s-parto de mulheres atendidas em uma Maternidade de Teresina- PI<\/a><\/strong><\/p>\n<p><a href=\"https:\/\/www.unifsa.com.br\/arquivo\/novidades\/pibic-unifsa-equipe-faz-analise-da-postura-flexibilidade-e-forca-de-preensao-palmar-em-atletas-de-voleibol-das-selecoes-do-piaui\" target=\"_blank\" rel=\"noopener noreferrer\"><strong>PIBIC UNIFSA: Equipe faz an\u00e1lise da postura, flexibilidade e for\u00e7a de preens\u00e3o palmar em atletas de voleibol das sele\u00e7\u00f5es do Piau\u00ed<\/strong><\/a><\/p>\n<p><a href=\"https:\/\/www.unifsa.com.br\/arquivo\/novidades\/pibic-unifsa-pesquisadores-investigam-folha-de-umbu-no-controle-do-colesterol\" target=\"_blank\" rel=\"noopener noreferrer\"><strong>PIBIC UNIFSA: Pesquisadores investigam folha de umbu no controle do colesterol<\/strong><\/a><\/p>\n<p><a href=\"https:\/\/www.unifsa.com.br\/arquivo\/novidades\/pibic-unifsa-pesquisadoras-estudam-a-despatologizacao-da-identidade-trans-no-brasil\" target=\"_blank\" rel=\"noopener noreferrer\"><strong>PIBIC UNIFSA: Pesquisadoras estudam a despatologiza\u00e7\u00e3o da identidade trans no Brasil<\/strong><\/a><\/p>\n<p><strong><a href=\"https:\/\/www.unifsa.com.br\/arquivo\/novidades\/pibic-unifsa-pesquisadores-estudam-a-adesao-ao-tratamento-para-artrite-reumatoide\" target=\"_blank\" rel=\"noopener noreferrer\">PIBIC UNIFSA: Pesquisadores estudam a ades\u00e3o ao tratamento para Artrite Reumat\u00f3ide<\/a><\/strong>[\/vc_column_text][\/vc_tta_section][vc_tta_section title=&#8221;Sele\u00e7\u00e3o de Projetos 2016\/2017&#8243; tab_id=&#8221;1579264196923-686a50fe-ceee&#8221;][vc_column_text]<a href=\"https:\/\/www.unifsa.com.br\/wp-content\/uploads\/2018\/01\/Edital-2016.jpg\"><img loading=\"lazy\" decoding=\"async\" class=\"aligncenter wp-image-49950\" src=\"https:\/\/www.unifsa.com.br\/wp-content\/uploads\/2018\/01\/Edital-2016-1024x183.jpg\" alt=\"\" width=\"645\" height=\"115\" \/><\/a><\/p>\n<p><strong><a href=\"https:\/\/www.unifsa.com.br\/wp-content\/uploads\/2018\/01\/Edital-003-2016-PIBIC-e-PIVIC.pdf\" target=\"_blank\" rel=\"noopener noreferrer\">EDITAL PIBIC E PIVIC FSA 2016<\/a><\/strong><\/p>\n<p><a href=\"https:\/\/www.unifsa.com.br\/wp-content\/uploads\/2018\/02\/Edital-2016.jpg\"><img loading=\"lazy\" decoding=\"async\" class=\"aligncenter wp-image-49999\" src=\"https:\/\/www.unifsa.com.br\/wp-content\/uploads\/2018\/02\/Edital-2016.jpg\" alt=\"\" width=\"645\" height=\"155\" \/><\/a><\/p>\n<p><a href=\"https:\/\/www.unifsa.com.br\/wp-content\/uploads\/2018\/01\/Projetos-Selecionados-2016.jpg\"><img loading=\"lazy\" decoding=\"async\" class=\"aligncenter wp-image-49951\" src=\"https:\/\/www.unifsa.com.br\/wp-content\/uploads\/2018\/01\/Projetos-Selecionados-2016-1024x100.jpg\" alt=\"\" width=\"645\" height=\"63\" \/><\/a><\/p>\n<p><a href=\"https:\/\/www.unifsa.com.br\/wp-content\/uploads\/2018\/01\/Projetos-selecionados-Edital-03-2016.pdf\" target=\"_blank\" rel=\"noopener noreferrer\"><strong>PROJETOS SELECIONADOS &#8211; PIBIC E PIVIC 2016\/2017<\/strong><\/a><\/p>\n<p><a href=\"https:\/\/www.unifsa.com.br\/wp-content\/uploads\/2018\/01\/CONHE\u00c7A-AS-EQUIPES-2016.jpg\"><img loading=\"lazy\" decoding=\"async\" class=\"aligncenter wp-image-49949\" src=\"https:\/\/www.unifsa.com.br\/wp-content\/uploads\/2018\/01\/CONHE\u00c7A-AS-EQUIPES-2016-1024x100.jpg\" alt=\"\" width=\"645\" height=\"63\" \/><\/a><\/p>\n<p><strong><a href=\"https:\/\/www.unifsa.com.br\/wp-content\/uploads\/2018\/01\/Conhe\u00e7a-as-equipes-2016.pdf\" target=\"_blank\" rel=\"noopener noreferrer\">PROJETOS E EQUIPES SELECIONADAS &#8211; BI\u00caNIO 2016\/2017<\/a><\/strong><\/p>\n<p><a href=\"https:\/\/www.unifsa.com.br\/wp-content\/uploads\/2018\/02\/SEMANA-CIENTIFICA-2016.jpg\"><img loading=\"lazy\" decoding=\"async\" class=\"aligncenter wp-image-49984\" src=\"https:\/\/www.unifsa.com.br\/wp-content\/uploads\/2018\/02\/SEMANA-CIENTIFICA-2016-1024x101.jpg\" alt=\"\" width=\"645\" height=\"64\" \/><\/a><\/p>\n<ul>\n<li><a href=\"https:\/\/www.unifsa.com.br\/arquivo\/novidades\/nip-fsa-realiza-iii-mostra-de-resultados-parciais-pibicpivic-2016-2017\" target=\"_blank\" rel=\"noopener noreferrer\">NIP FSA realiza III Mostra de resultados parciais PIBIC\/PIVIC 2016-2017<\/a><\/li>\n<\/ul>\n<p><a href=\"https:\/\/www.unifsa.com.br\/wp-content\/uploads\/2018\/01\/sala-de-imprensa-2016.jpg\"><img loading=\"lazy\" decoding=\"async\" class=\"aligncenter wp-image-49948\" src=\"https:\/\/www.unifsa.com.br\/wp-content\/uploads\/2018\/01\/sala-de-imprensa-2016-1024x100.jpg\" alt=\"\" width=\"645\" height=\"63\" \/><\/a><\/p>\n<ul>\n<li><a href=\"https:\/\/www.unifsa.com.br\/arquivo\/novidades\/pesquisadoras-da-fsa-desenvolvem-estudo-sobre-praticas-educativas-de-pais-de-adolescentes-autistas\" target=\"_blank\" rel=\"noopener noreferrer\">Pesquisadoras da FSA desenvolvem estudo sobre pr\u00e1ticas educativas de pais de adolescentes autistas<\/a><\/li>\n<li><a href=\"https:\/\/www.unifsa.com.br\/arquivo\/novidades\/pesquisadores-de-fisioterapia-da-fsa-comparam-tecnicas-para-o-tratamento-de-dor-de-pacientes-com-cervicalgia-de-origem-mecanica\" target=\"_blank\" rel=\"noopener noreferrer\">Pesquisadores de Fisioterapia da FSA comparam t\u00e9cnicas para o tratamento de dor de pacientes com cervicalgia de origem mec\u00e2nica<\/a><\/li>\n<li><a href=\"https:\/\/www.unifsa.com.br\/arquivo\/novidades\/pesquisadores-da-fsa-analisam-direito-e-cinema-e-apontam-a-necessidade-da-inovacao-no-ensino-juridico\" target=\"_blank\" rel=\"noopener noreferrer\">Pesquisadores da FSA analisam Direito e Cinema e apontam a necessidade da inova\u00e7\u00e3o no ensino jur\u00eddico<\/a><\/li>\n<li><a href=\"https:\/\/www.unifsa.com.br\/arquivo\/novidades\/pesquisadores-da-fsa-investigam-a-percepcao-dos-profissionais-de-enfermagem-sobre-o-cuidado-com-a-mae-com-hiv-e-seu-filho\" target=\"_blank\" rel=\"noopener noreferrer\">Pesquisadores da FSA investigam a percep\u00e7\u00e3o dos profissionais de Enfermagem sobre o cuidado com a m\u00e3e com HIV e seu filho<\/a><\/li>\n<li><a href=\"https:\/\/www.unifsa.com.br\/arquivo\/novidades\/pesquisa-realizada-na-fsa-investiga-a-concepcao-de-paternidade-em-um-contexto-de-deficiencia\" target=\"_blank\" rel=\"noopener noreferrer\">Pesquisa na FSA investiga a concep\u00e7\u00e3o de paternidade em um contexto de defici\u00eancia<\/a><\/li>\n<li><a href=\"https:\/\/www.unifsa.com.br\/arquivo\/novidades\/relacao-entre-imagem-corporal-e-nivel-de-atividade-fisica-entre-adolescentes-e-tema-de-pesquisa-na-fsa\" target=\"_blank\" rel=\"noopener noreferrer\">Rela\u00e7\u00e3o entre imagem corporal e n\u00edvel de atividade f\u00edsica entre adolescentes \u00e9 tema de pesquisa na FSA<\/a><\/li>\n<li><a href=\"https:\/\/www.unifsa.com.br\/arquivo\/novidades\/pesquisadoras-do-curso-de-farmacia-analisam-o-teor-proteico-e-a-rotulagem-de-suplementos-alimentares-comercializados-em-teresina\" target=\"_blank\" rel=\"noopener noreferrer\">Pesquisadoras do curso de Farm\u00e1cia analisam o teor prot\u00e9ico e a rotulagem de suplementos alimentares comercializados em Teresina<\/a><\/li>\n<li><a href=\"https:\/\/www.unifsa.com.br\/arquivo\/novidades\/pesquisadores-da-fsa-realizam-estudo-sobre-vigorexia-e-uso-de-esteroides-anabolicos\" target=\"_blank\" rel=\"noopener noreferrer\">Pesquisadores da FSA realizam estudo sobre vigorexia e uso de ester\u00f3ides anab\u00f3licos<\/a><\/li>\n<li><a href=\"https:\/\/www.unifsa.com.br\/arquivo\/novidades\/pesquisadores-da-fsa-conseguem-mascarar-odor-do-pequi-para-utilizacao-do-oleo-com-fins-cosmeticos\" target=\"_blank\" rel=\"noopener noreferrer\">Pesquisadores da FSA conseguem mascarar odor do pequi para utiliza\u00e7\u00e3o do \u00f3leo com fins cosm\u00e9ticos<\/a><\/li>\n<li><a href=\"https:\/\/www.unifsa.com.br\/arquivo\/novidades\/o-sentido-subjetivo-do-sucesso-e-fracasso-academico-e-tema-de-pesquisa-na-fsa\" target=\"_blank\" rel=\"noopener noreferrer\">O sentido subjetivo do sucesso e fracasso acad\u00eamico \u00e9 tema de pesquisa na FSA<\/a><\/li>\n<li><a href=\"https:\/\/www.unifsa.com.br\/arquivo\/novidades\/estudo-sobre-o-simbolismo-do-corpo-tatuado-e-desenvolvido-por-pesquisadoras-da-fsa\" target=\"_blank\" rel=\"noopener noreferrer\">Estudo sobre o simbolismo do corpo tatuado \u00e9 realizado por pesquisadoras da FSA<\/a><\/li>\n<li><a href=\"https:\/\/www.unifsa.com.br\/arquivo\/novidades\/pesquisadores-da-fsa-analisam-qualidade-da-energia-eolioeletrica-gerada-em-parques-do-piaui-e-ceara\" target=\"_blank\" rel=\"noopener noreferrer\">Pesquisadores da FSA analisam qualidade da energia eolioel\u00e9trica gerada em parques do Piau\u00ed e Cear\u00e1<\/a><\/li>\n<li><a href=\"https:\/\/www.unifsa.com.br\/arquivo\/novidades\/pesquisadoras-da-fsa-analisam-inclusao-de-estudos-sobre-historia-e-cultura-afro-brasileiras-na-rede-municipal-de-ensino-de-teresina\" target=\"_blank\" rel=\"noopener noreferrer\">Pesquisadoras da FSA analisam inclus\u00e3o de estudos sobre Hist\u00f3ria e Cultura Afro-brasileiras na Rede Municipal de Ensino de Teresina<\/a><\/li>\n<li><a href=\"https:\/\/www.unifsa.com.br\/arquivo\/novidades\/pesquisa-realizada-na-fsa-visa-desenvolver-novas-moleculas-para-fins-cosmeticos\" target=\"_blank\" rel=\"noopener noreferrer\">Pesquisa realizada na FSA visa desenvolver novas mol\u00e9culas para fins cosm\u00e9ticos<\/a><\/li>\n<li><a href=\"https:\/\/www.unifsa.com.br\/arquivo\/novidades\/pesquisa-realizada-na-fsa-discute-o-panorama-das-teorias-de-genero-no-brasil\" target=\"_blank\" rel=\"noopener noreferrer\">Pesquisa realizada na FSA discute o panorama das teorias de g\u00eanero no Brasil<\/a><\/li>\n<li><a href=\"https:\/\/www.unifsa.com.br\/arquivo\/novidades\/estudo-realizado-na-fsa-avalia-beneficios-do-oleo-de-avestruz-para-a-saude\" target=\"_blank\" rel=\"noopener noreferrer\">Estudo realizado na FSA avalia benef\u00edcios do \u00f3leo de avestruz para a sa\u00fade<\/a><\/li>\n<li><a href=\"https:\/\/www.unifsa.com.br\/arquivo\/novidades\/pesquisadores-da-fsa-analisam-sentido-subjetivo-da-pratica-docente-na-escola-inclusiva\" target=\"_blank\" rel=\"noopener noreferrer\">Pesquisadores da FSA analisam sentido subjetivo da pr\u00e1tica docente na escola inclusiva<\/a><\/li>\n<li><a href=\"https:\/\/www.unifsa.com.br\/arquivo\/novidades\/pesquisa-desenvolvida-na-fsa-analisa-propriedades-toxicas-da-semente-de-goji-berry\" target=\"_blank\" rel=\"noopener noreferrer\">Pesquisa desenvolvida na FSA analisa propriedades t\u00f3xicas da semente de Goji berry<\/a><\/li>\n<li><a href=\"https:\/\/www.unifsa.com.br\/arquivo\/novidades\/pesquisa-de-pibic-na-fsa-analisa-os-significados-do-consumo-de-produtos-e-servicos-de-beleza-masculinos\" target=\"_blank\" rel=\"noopener noreferrer\">Pesquisa de PIBIC na FSA analisa os significados do consumo de produtos e servi\u00e7os de beleza por homens<\/a><\/li>\n<li><a href=\"https:\/\/www.unifsa.com.br\/arquivo\/novidades\/pesquisa-avalia-habilidades-investigativas-do-professor-e-seu-impacto-na-formacao-do-pedagogo\" target=\"_blank\" rel=\"noopener noreferrer\">Pesquisa avalia habilidades investigativas do professor e seu impacto na forma\u00e7\u00e3o do pedagogo<\/a><\/li>\n<li><a href=\"https:\/\/www.unifsa.com.br\/arquivo\/novidades\/pesquisa-na-fsa-analisa-o-impacto-do-diagnostico-de-esquizofrenia-na-familia-do-paciente\" target=\"_blank\" rel=\"noopener noreferrer\">Pesquisadoras da FSA analisam o impacto do diagn\u00f3stico de esquizofrenia na fam\u00edlia do paciente<\/a><\/li>\n<li><a href=\"https:\/\/www.unifsa.com.br\/arquivo\/novidades\/pesquisa-na-fsa-analisa-os-significados-atribuidos-a-aquisicao-de-maquiagens-por-mulheres-da-classe-media-emergente\" target=\"_blank\" rel=\"noopener noreferrer\">Pesquisa na FSA analisa os significados atribu\u00eddos \u00e0 aquisi\u00e7\u00e3o de maquiagens por mulheres da classe m\u00e9dia emergente<\/a><\/li>\n<li><a href=\"https:\/\/www.unifsa.com.br\/arquivo\/novidades\/pesquisa-realizada-na-fsa-analisa-uso-do-extrato-de-angico-vermelho-para-o-tratamento-de-enfisema-pulmonar\" target=\"_blank\" rel=\"noopener noreferrer\">Pesquisa realizada na FSA analisa uso do extrato de angico vermelho para o tratamento de enfisema pulmonar<\/a><\/li>\n<li><a href=\"https:\/\/www.unifsa.com.br\/arquivo\/novidades\/pesquisa-de-pibic-da-fsa-analisa-a-percepcao-de-idosos-em-grupos-direcionados-a-promocao-de-saude\" target=\"_blank\" rel=\"noopener noreferrer\">Pesquisa de PIBIC da FSA analisa a percep\u00e7\u00e3o de idosos em grupos direcionados \u00e0 promo\u00e7\u00e3o de sa\u00fade<\/a><\/li>\n<li><a href=\"https:\/\/www.unifsa.com.br\/arquivo\/novidades\/nip-realiza-reuniao-com-equipes-de-pesquisadores-do-pibic-e-pivic-20162017-da-fsa\" target=\"_blank\" rel=\"noopener noreferrer\">NIP realiza reuni\u00e3o com equipes de pesquisadores do PIBIC e PIVIC 2016\/2017 da FSA<\/a><\/li>\n<\/ul>\n<p>[\/vc_column_text][\/vc_tta_section][vc_tta_section title=&#8221;Sele\u00e7\u00e3o de Projetos 2014\/2015&#8243; tab_id=&#8221;1579264193779-e8965817-a749&#8243;][vc_column_text]<a href=\"https:\/\/www.unifsa.com.br\/wp-content\/uploads\/2018\/01\/EDITAL-2014.jpg\"><img loading=\"lazy\" decoding=\"async\" class=\"aligncenter wp-image-49956\" src=\"https:\/\/www.unifsa.com.br\/wp-content\/uploads\/2018\/01\/EDITAL-2014-1024x183.jpg\" alt=\"\" width=\"645\" height=\"115\" \/><\/a><\/p>\n<p><strong><a href=\"https:\/\/www.unifsa.com.br\/wp-content\/uploads\/2018\/01\/EDITAL-PIBIC-e-PIVIC-FSA-2014.pdf\" target=\"_blank\" rel=\"noopener noreferrer\">EDITAL &#8211; PIBIC E PIVIC FSA 2014<\/a><\/strong><\/p>\n<p><a href=\"https:\/\/www.unifsa.com.br\/wp-content\/uploads\/2018\/02\/Edital-2014.jpg\"><img loading=\"lazy\" decoding=\"async\" class=\"aligncenter wp-image-49997\" src=\"https:\/\/www.unifsa.com.br\/wp-content\/uploads\/2018\/02\/Edital-2014.jpg\" alt=\"\" width=\"645\" height=\"155\" \/><\/a><\/p>\n<p><a href=\"https:\/\/www.unifsa.com.br\/wp-content\/uploads\/2018\/01\/PROJETOS-SELECIONADOS-2014.jpg\"><img loading=\"lazy\" decoding=\"async\" class=\"aligncenter wp-image-49957\" src=\"https:\/\/www.unifsa.com.br\/wp-content\/uploads\/2018\/01\/PROJETOS-SELECIONADOS-2014-1024x100.jpg\" alt=\"\" width=\"645\" height=\"63\" \/><\/a><\/p>\n<p><strong><a href=\"https:\/\/www.unifsa.com.br\/wp-content\/uploads\/2018\/01\/PROJETOS-SELECIONADOS-PIBIC-2014.pdf\" target=\"_blank\" rel=\"noopener noreferrer\">PROJETOS SELECIONADOS PIBIC 2014\/2015<\/a><\/strong><\/p>\n<p><strong><a href=\"https:\/\/www.unifsa.com.br\/wp-content\/uploads\/2018\/01\/PROJETOS-SELECIONADOS-PIVIC-2014.pdf\" target=\"_blank\" rel=\"noopener noreferrer\">PROJETOS SELECIONADOS PIVIC 2014\/2015<\/a><\/strong><\/p>\n<p><a href=\"https:\/\/www.unifsa.com.br\/wp-content\/uploads\/2018\/01\/CONHE\u00c7A-AS-EQUIPES-2014.jpg\"><img loading=\"lazy\" decoding=\"async\" class=\"aligncenter wp-image-49955\" src=\"https:\/\/www.unifsa.com.br\/wp-content\/uploads\/2018\/01\/CONHE\u00c7A-AS-EQUIPES-2014-1024x100.jpg\" alt=\"\" width=\"645\" height=\"63\" \/><\/a><\/p>\n<p><strong><a href=\"https:\/\/www.unifsa.com.br\/wp-content\/uploads\/2018\/01\/PROJETOS-E-EQUIPES-2014.pdf\" target=\"_blank\" rel=\"noopener noreferrer\">PROJETOS E EQUIPES SELECIONADAS BI\u00caNIO 2014\/2015<\/a><\/strong><\/p>\n<p><a href=\"https:\/\/www.unifsa.com.br\/wp-content\/uploads\/2018\/02\/SEMANA-CIENTIFICA-2014.jpg\"><img loading=\"lazy\" decoding=\"async\" class=\"aligncenter wp-image-49989\" src=\"https:\/\/www.unifsa.com.br\/wp-content\/uploads\/2018\/02\/SEMANA-CIENTIFICA-2014-1024x101.jpg\" alt=\"\" width=\"645\" height=\"64\" \/><\/a><\/p>\n<ul>\n<li><a href=\"https:\/\/www.unifsa.com.br\/arquivo\/novidades\/nip-promove-divulgacao-de-pesquisas-na-xii-semana-cientifica-da-fsa\" target=\"_blank\" rel=\"noopener noreferrer\">NIP promove divulga\u00e7\u00e3o de pesquisas na XII Semana Cient\u00edfica da FSA<\/a><\/li>\n<\/ul>\n<p><a href=\"https:\/\/www.unifsa.com.br\/wp-content\/uploads\/2018\/01\/SALA-DE-IMPRENSA-2014.jpg\"><img loading=\"lazy\" decoding=\"async\" class=\"aligncenter wp-image-49954\" src=\"https:\/\/www.unifsa.com.br\/wp-content\/uploads\/2018\/01\/SALA-DE-IMPRENSA-2014-1024x100.jpg\" alt=\"\" width=\"645\" height=\"63\" \/><\/a><\/p>\n<ul>\n<li><a href=\"https:\/\/www.unifsa.com.br\/arquivo\/novidades\/32964\" target=\"_blank\" rel=\"noopener noreferrer\">Projeto visa otimizar o reaproveitamento de insumos em ind\u00fastrias de Teresina<\/a><\/li>\n<li><a href=\"https:\/\/www.unifsa.com.br\/arquivo\/novidades\/um-novo-olhar-sobre-o-direito\" target=\"_blank\" rel=\"noopener noreferrer\">Um novo olhar sobre o Direito<\/a><\/li>\n<li><a href=\"https:\/\/www.unifsa.com.br\/arquivo\/novidades\/projeto-analisa-a-qualidade-de-medicamentos-usados-no-tratamento-da-hipertensao\" target=\"_blank\" rel=\"noopener noreferrer\">Projeto analisa a qualidade de medicamentos usados no tratamento da hipertens\u00e3o<\/a><\/li>\n<li><a href=\"https:\/\/www.unifsa.com.br\/arquivo\/novidades\/subjetividade-e-docencia-no-ambito-da-escola-publica\" target=\"_blank\" rel=\"noopener noreferrer\">Subjetividade e doc\u00eancia no \u00e2mbito da escola p\u00fablica<\/a><\/li>\n<li><a href=\"https:\/\/www.unifsa.com.br\/arquivo\/novidades\/pesquisa-com-nanotecnologia-auxilia-no-combate-a-superbacterias\" target=\"_blank\" rel=\"noopener noreferrer\">Pesquisa com nanotecnologia auxilia no combate a superbact\u00e9rias<\/a><\/li>\n<li><a href=\"https:\/\/www.unifsa.com.br\/arquivo\/novidades\/acompanhante-terapeutico-e-autismo-sao-temas-de-pesquisa-em-psicologia\" target=\"_blank\" rel=\"noopener noreferrer\">Acompanhante terap\u00eautico e autismo s\u00e3o temas de pesquisa em Psicologia<\/a><\/li>\n<li><a href=\"https:\/\/www.unifsa.com.br\/arquivo\/novidades\/aborto-torna-se-tema-de-estudo-por-pesquisadoras-da-fsa\" target=\"_blank\" rel=\"noopener noreferrer\">Aborto torna-se tema de estudo por pesquisadoras da FSA<\/a><\/li>\n<li><a href=\"https:\/\/www.unifsa.com.br\/arquivo\/novidades\/pesquisa-investiga-representacoes-sociais-da-sexualidade-infantil\" target=\"_blank\" rel=\"noopener noreferrer\">Pesquisa investiga representa\u00e7\u00f5es sociais da sexualidade infantil<\/a><\/li>\n<li><a href=\"https:\/\/www.unifsa.com.br\/arquivo\/novidades\/inovacao-e-co-criacao-de-valor-e-tema-de-pesquisa-na-fsa\" target=\"_blank\" rel=\"noopener noreferrer\">Inova\u00e7\u00e3o e co-cria\u00e7\u00e3o de valor s\u00e3o temas de pesquisa na FSA<\/a><\/li>\n<li><a href=\"https:\/\/www.unifsa.com.br\/arquivo\/novidades\/direito-e-musica-repensando-as-relacoes-entre-justica-e-sociedade\" target=\"_blank\" rel=\"noopener noreferrer\">Direito e arte: repensando a rela\u00e7\u00e3o entre justi\u00e7a e sociedade<\/a><\/li>\n<li><a href=\"https:\/\/www.unifsa.com.br\/arquivo\/novidades\/consumo-de-automoveis-em-teresina-e-tema-de-pesquisa-na-fsa\" target=\"_blank\" rel=\"noopener noreferrer\">Consumo de autom\u00f3veis em Teresina \u00e9 tema de pesquisa na FSA<\/a><\/li>\n<li><a href=\"https:\/\/www.unifsa.com.br\/arquivo\/novidades\/pratica-do-lian-gong-melhora-a-flexibilidade-e-qualidade-de-vida-de-idosos\" target=\"_blank\" rel=\"noopener noreferrer\">Pr\u00e1tica do Lian Gong melhora a flexibilidade e qualidade de vida de idosos<\/a><\/li>\n<li><a href=\"https:\/\/www.unifsa.com.br\/arquivo\/novidades\/qualidade-de-vida-de-idosos-cardiopatas-e-tema-de-pesquisa-na-fsa\" target=\"_blank\" rel=\"noopener noreferrer\">Qualidade de vida de idosos cardiopatas \u00e9 tema de pesquisa na FSA<\/a><\/li>\n<\/ul>\n<p>[\/vc_column_text][\/vc_tta_section][\/vc_tta_accordion][\/vc_column][\/vc_row]<\/p>\n<\/div>","protected":false},"featured_media":0,"template":"","class_list":["post-1291","pesquisa","type-pesquisa","status-publish","hentry"],"acf":[],"yoast_head":"<!-- This site is optimized with the Yoast SEO plugin v26.5 - https:\/\/yoast.com\/wordpress\/plugins\/seo\/ -->\n<title>N\u00facleo de Inicia\u00e7\u00e3o \u00e0 Pesquisa - NIP<\/title>\n<meta name=\"robots\" content=\"index, follow, max-snippet:-1, max-image-preview:large, max-video-preview:-1\" \/>\n<link rel=\"canonical\" href=\"https:\/\/unifsa.com.br\/site\/pesquisa\/nip\/\" \/>\n<meta property=\"og:locale\" content=\"pt_BR\" \/>\n<meta property=\"og:type\" content=\"article\" \/>\n<meta property=\"og:title\" content=\"N\u00facleo de Inicia\u00e7\u00e3o \u00e0 Pesquisa - NIP\" \/>\n<meta property=\"og:description\" content=\"[vc_row][vc_column][vc_column_text] [\/vc_column_text][vc_empty_space height=&#8221;60px&#8221;][\/vc_column][\/vc_row][vc_row][vc_column][vc_tta_accordion style=&#8221;modern&#8221; shape=&#8221;round&#8221; color=&#8221;blue&#8221; spacing=&#8221;1&#8243; active_section=&#8221;&#8221;][vc_tta_section title=&#8221;Apresenta\u00e7\u00e3o&#8221; tab_id=&#8221;1575491763787-1213d6c8-ede5&#8243;][vc_column_text] O Centro Universit\u00e1rio Santo Agostinho, por meio do N\u00facleo de Inicia\u00e7\u00e3o \u00e0 Pesquisa \u2013 NIP, estimula o desenvolvimento de projetos e pesquisas como forma de despertar a voca\u00e7\u00e3o cient\u00edfica de seus estudantes, incentivando, deste modo, o surgimento de novos talentos. Criado em 2014, o NIP\" \/>\n<meta property=\"og:url\" content=\"https:\/\/unifsa.com.br\/site\/pesquisa\/nip\/\" \/>\n<meta property=\"og:site_name\" content=\"Centro Universit\u00e1rio Santo Agostinho - UNIFSA\" \/>\n<meta property=\"article:publisher\" content=\"https:\/\/www.facebook.com\/unifsa\/\" \/>\n<meta property=\"article:modified_time\" content=\"2026-01-26T16:37:36+00:00\" \/>\n<meta property=\"og:image\" content=\"https:\/\/unifsa.com.br\/site\/wp-content\/uploads\/2019\/06\/NIP-UNIFSA-1.jpg\" \/>\n\t<meta property=\"og:image:width\" content=\"645\" \/>\n\t<meta property=\"og:image:height\" content=\"198\" \/>\n\t<meta property=\"og:image:type\" content=\"image\/jpeg\" \/>\n<meta name=\"twitter:card\" content=\"summary_large_image\" \/>\n<meta name=\"twitter:label1\" content=\"Est. tempo de leitura\" \/>\n\t<meta name=\"twitter:data1\" content=\"17 minutos\" \/>\n<script type=\"application\/ld+json\" class=\"yoast-schema-graph\">{\"@context\":\"https:\/\/schema.org\",\"@graph\":[{\"@type\":\"WebPage\",\"@id\":\"https:\/\/unifsa.com.br\/site\/pesquisa\/nip\/\",\"url\":\"https:\/\/unifsa.com.br\/site\/pesquisa\/nip\/\",\"name\":\"N\u00facleo de Inicia\u00e7\u00e3o \u00e0 Pesquisa - NIP\",\"isPartOf\":{\"@id\":\"https:\/\/unifsa.com.br\/site\/#website\"},\"primaryImageOfPage\":{\"@id\":\"https:\/\/unifsa.com.br\/site\/pesquisa\/nip\/#primaryimage\"},\"image\":{\"@id\":\"https:\/\/unifsa.com.br\/site\/pesquisa\/nip\/#primaryimage\"},\"thumbnailUrl\":\"https:\/\/unifsa.com.br\/site\/wp-content\/uploads\/2019\/06\/NIP-UNIFSA-1.jpg\",\"datePublished\":\"2019-06-13T12:06:04+00:00\",\"dateModified\":\"2026-01-26T16:37:36+00:00\",\"breadcrumb\":{\"@id\":\"https:\/\/unifsa.com.br\/site\/pesquisa\/nip\/#breadcrumb\"},\"inLanguage\":\"pt-BR\",\"potentialAction\":[{\"@type\":\"ReadAction\",\"target\":[\"https:\/\/unifsa.com.br\/site\/pesquisa\/nip\/\"]}]},{\"@type\":\"ImageObject\",\"inLanguage\":\"pt-BR\",\"@id\":\"https:\/\/unifsa.com.br\/site\/pesquisa\/nip\/#primaryimage\",\"url\":\"https:\/\/unifsa.com.br\/site\/wp-content\/uploads\/2019\/06\/NIP-UNIFSA-1.jpg\",\"contentUrl\":\"https:\/\/unifsa.com.br\/site\/wp-content\/uploads\/2019\/06\/NIP-UNIFSA-1.jpg\",\"width\":645,\"height\":198},{\"@type\":\"BreadcrumbList\",\"@id\":\"https:\/\/unifsa.com.br\/site\/pesquisa\/nip\/#breadcrumb\",\"itemListElement\":[{\"@type\":\"ListItem\",\"position\":1,\"name\":\"In\u00edcio\",\"item\":\"https:\/\/unifsa.com.br\/site\/\"},{\"@type\":\"ListItem\",\"position\":2,\"name\":\"N\u00facleo de Inicia\u00e7\u00e3o \u00e0 Pesquisa &#8211; NIP\"}]},{\"@type\":\"WebSite\",\"@id\":\"https:\/\/unifsa.com.br\/site\/#website\",\"url\":\"https:\/\/unifsa.com.br\/site\/\",\"name\":\"Centro Universit\u00e1rio Santo Agostinho - UNIFSA\",\"description\":\"Conhecimento para toda a vida\",\"publisher\":{\"@id\":\"https:\/\/unifsa.com.br\/site\/#organization\"},\"potentialAction\":[{\"@type\":\"SearchAction\",\"target\":{\"@type\":\"EntryPoint\",\"urlTemplate\":\"https:\/\/unifsa.com.br\/site\/?s={search_term_string}\"},\"query-input\":{\"@type\":\"PropertyValueSpecification\",\"valueRequired\":true,\"valueName\":\"search_term_string\"}}],\"inLanguage\":\"pt-BR\"},{\"@type\":\"Organization\",\"@id\":\"https:\/\/unifsa.com.br\/site\/#organization\",\"name\":\"Centro Universit\u00e1rio Santo Agostinho - UNIFSA\",\"url\":\"https:\/\/unifsa.com.br\/site\/\",\"logo\":{\"@type\":\"ImageObject\",\"inLanguage\":\"pt-BR\",\"@id\":\"https:\/\/unifsa.com.br\/site\/#\/schema\/logo\/image\/\",\"url\":\"https:\/\/unifsa.com.br\/site\/wp-content\/uploads\/2023\/03\/MARCA-UNIFSA-CIC23-q2apjs1mt975cf1wl25b044coj90fwoiee1kya6800.png\",\"contentUrl\":\"https:\/\/unifsa.com.br\/site\/wp-content\/uploads\/2023\/03\/MARCA-UNIFSA-CIC23-q2apjs1mt975cf1wl25b044coj90fwoiee1kya6800.png\",\"width\":103,\"height\":100,\"caption\":\"Centro Universit\u00e1rio Santo Agostinho - UNIFSA\"},\"image\":{\"@id\":\"https:\/\/unifsa.com.br\/site\/#\/schema\/logo\/image\/\"},\"sameAs\":[\"https:\/\/www.facebook.com\/unifsa\/\",\"https:\/\/www.instagram.com\/unifsa\/\"]}]}<\/script>\n<!-- \/ Yoast SEO plugin. -->","yoast_head_json":{"title":"N\u00facleo de Inicia\u00e7\u00e3o \u00e0 Pesquisa - NIP","robots":{"index":"index","follow":"follow","max-snippet":"max-snippet:-1","max-image-preview":"max-image-preview:large","max-video-preview":"max-video-preview:-1"},"canonical":"https:\/\/unifsa.com.br\/site\/pesquisa\/nip\/","og_locale":"pt_BR","og_type":"article","og_title":"N\u00facleo de Inicia\u00e7\u00e3o \u00e0 Pesquisa - NIP","og_description":"[vc_row][vc_column][vc_column_text] [\/vc_column_text][vc_empty_space height=&#8221;60px&#8221;][\/vc_column][\/vc_row][vc_row][vc_column][vc_tta_accordion style=&#8221;modern&#8221; shape=&#8221;round&#8221; color=&#8221;blue&#8221; spacing=&#8221;1&#8243; active_section=&#8221;&#8221;][vc_tta_section title=&#8221;Apresenta\u00e7\u00e3o&#8221; tab_id=&#8221;1575491763787-1213d6c8-ede5&#8243;][vc_column_text] O Centro Universit\u00e1rio Santo Agostinho, por meio do N\u00facleo de Inicia\u00e7\u00e3o \u00e0 Pesquisa \u2013 NIP, estimula o desenvolvimento de projetos e pesquisas como forma de despertar a voca\u00e7\u00e3o cient\u00edfica de seus estudantes, incentivando, deste modo, o surgimento de novos talentos. Criado em 2014, o NIP","og_url":"https:\/\/unifsa.com.br\/site\/pesquisa\/nip\/","og_site_name":"Centro Universit\u00e1rio Santo Agostinho - UNIFSA","article_publisher":"https:\/\/www.facebook.com\/unifsa\/","article_modified_time":"2026-01-26T16:37:36+00:00","og_image":[{"width":645,"height":198,"url":"https:\/\/unifsa.com.br\/site\/wp-content\/uploads\/2019\/06\/NIP-UNIFSA-1.jpg","type":"image\/jpeg"}],"twitter_card":"summary_large_image","twitter_misc":{"Est. tempo de leitura":"17 minutos"},"schema":{"@context":"https:\/\/schema.org","@graph":[{"@type":"WebPage","@id":"https:\/\/unifsa.com.br\/site\/pesquisa\/nip\/","url":"https:\/\/unifsa.com.br\/site\/pesquisa\/nip\/","name":"N\u00facleo de Inicia\u00e7\u00e3o \u00e0 Pesquisa - NIP","isPartOf":{"@id":"https:\/\/unifsa.com.br\/site\/#website"},"primaryImageOfPage":{"@id":"https:\/\/unifsa.com.br\/site\/pesquisa\/nip\/#primaryimage"},"image":{"@id":"https:\/\/unifsa.com.br\/site\/pesquisa\/nip\/#primaryimage"},"thumbnailUrl":"https:\/\/unifsa.com.br\/site\/wp-content\/uploads\/2019\/06\/NIP-UNIFSA-1.jpg","datePublished":"2019-06-13T12:06:04+00:00","dateModified":"2026-01-26T16:37:36+00:00","breadcrumb":{"@id":"https:\/\/unifsa.com.br\/site\/pesquisa\/nip\/#breadcrumb"},"inLanguage":"pt-BR","potentialAction":[{"@type":"ReadAction","target":["https:\/\/unifsa.com.br\/site\/pesquisa\/nip\/"]}]},{"@type":"ImageObject","inLanguage":"pt-BR","@id":"https:\/\/unifsa.com.br\/site\/pesquisa\/nip\/#primaryimage","url":"https:\/\/unifsa.com.br\/site\/wp-content\/uploads\/2019\/06\/NIP-UNIFSA-1.jpg","contentUrl":"https:\/\/unifsa.com.br\/site\/wp-content\/uploads\/2019\/06\/NIP-UNIFSA-1.jpg","width":645,"height":198},{"@type":"BreadcrumbList","@id":"https:\/\/unifsa.com.br\/site\/pesquisa\/nip\/#breadcrumb","itemListElement":[{"@type":"ListItem","position":1,"name":"In\u00edcio","item":"https:\/\/unifsa.com.br\/site\/"},{"@type":"ListItem","position":2,"name":"N\u00facleo de Inicia\u00e7\u00e3o \u00e0 Pesquisa &#8211; NIP"}]},{"@type":"WebSite","@id":"https:\/\/unifsa.com.br\/site\/#website","url":"https:\/\/unifsa.com.br\/site\/","name":"Centro Universit\u00e1rio Santo Agostinho - UNIFSA","description":"Conhecimento para toda a vida","publisher":{"@id":"https:\/\/unifsa.com.br\/site\/#organization"},"potentialAction":[{"@type":"SearchAction","target":{"@type":"EntryPoint","urlTemplate":"https:\/\/unifsa.com.br\/site\/?s={search_term_string}"},"query-input":{"@type":"PropertyValueSpecification","valueRequired":true,"valueName":"search_term_string"}}],"inLanguage":"pt-BR"},{"@type":"Organization","@id":"https:\/\/unifsa.com.br\/site\/#organization","name":"Centro Universit\u00e1rio Santo Agostinho - UNIFSA","url":"https:\/\/unifsa.com.br\/site\/","logo":{"@type":"ImageObject","inLanguage":"pt-BR","@id":"https:\/\/unifsa.com.br\/site\/#\/schema\/logo\/image\/","url":"https:\/\/unifsa.com.br\/site\/wp-content\/uploads\/2023\/03\/MARCA-UNIFSA-CIC23-q2apjs1mt975cf1wl25b044coj90fwoiee1kya6800.png","contentUrl":"https:\/\/unifsa.com.br\/site\/wp-content\/uploads\/2023\/03\/MARCA-UNIFSA-CIC23-q2apjs1mt975cf1wl25b044coj90fwoiee1kya6800.png","width":103,"height":100,"caption":"Centro Universit\u00e1rio Santo Agostinho - UNIFSA"},"image":{"@id":"https:\/\/unifsa.com.br\/site\/#\/schema\/logo\/image\/"},"sameAs":["https:\/\/www.facebook.com\/unifsa\/","https:\/\/www.instagram.com\/unifsa\/"]}]}},"_links":{"self":[{"href":"https:\/\/unifsa.com.br\/site\/wp-json\/wp\/v2\/pesquisa\/1291","targetHints":{"allow":["GET"]}}],"collection":[{"href":"https:\/\/unifsa.com.br\/site\/wp-json\/wp\/v2\/pesquisa"}],"about":[{"href":"https:\/\/unifsa.com.br\/site\/wp-json\/wp\/v2\/types\/pesquisa"}],"version-history":[{"count":13,"href":"https:\/\/unifsa.com.br\/site\/wp-json\/wp\/v2\/pesquisa\/1291\/revisions"}],"predecessor-version":[{"id":43436,"href":"https:\/\/unifsa.com.br\/site\/wp-json\/wp\/v2\/pesquisa\/1291\/revisions\/43436"}],"wp:attachment":[{"href":"https:\/\/unifsa.com.br\/site\/wp-json\/wp\/v2\/media?parent=1291"}],"curies":[{"name":"wp","href":"https:\/\/api.w.org\/{rel}","templated":true}]}}