{"id":787,"date":"2019-03-07T22:11:39","date_gmt":"2019-03-08T01:11:39","guid":{"rendered":"https:\/\/unifsa.com.br\/site\/?post_type=curso&#038;p=787"},"modified":"2026-04-27T11:04:59","modified_gmt":"2026-04-27T14:04:59","slug":"educacao-fisica","status":"publish","type":"curso","link":"https:\/\/unifsa.com.br\/site\/curso\/educacao-fisica\/","title":{"rendered":"Educa\u00e7\u00e3o F\u00edsica &#8211; Bacharelado"},"content":{"rendered":"<div class=\"wpb-content-wrapper\"><p>[vc_row][vc_column][vc_column_text]<\/p>\n<h2 style=\"text-align: justify;\"><img fetchpriority=\"high\" decoding=\"async\" class=\"wp-image-1161 size-full aligncenter\" src=\"https:\/\/unifsa.com.br\/site\/wp-content\/uploads\/2019\/03\/ed-fisica-licenciatura-930x445-1.jpg\" alt=\"\" width=\"930\" height=\"445\" srcset=\"https:\/\/unifsa.com.br\/site\/wp-content\/uploads\/2019\/03\/ed-fisica-licenciatura-930x445-1.jpg 930w, https:\/\/unifsa.com.br\/site\/wp-content\/uploads\/2019\/03\/ed-fisica-licenciatura-930x445-1-300x144.jpg 300w, https:\/\/unifsa.com.br\/site\/wp-content\/uploads\/2019\/03\/ed-fisica-licenciatura-930x445-1-768x367.jpg 768w\" sizes=\"(max-width: 930px) 100vw, 930px\" \/><\/h2>\n<p>[\/vc_column_text][\/vc_column][\/vc_row][vc_row][vc_column][vc_column_text css=&#8221;&#8221;]<\/p>\n<div id=\"texto\">\n<h2 data-raofz=\"32\">\u200e<br \/>\nPARA QUEM \u00c9 ESTE CURSO?<\/h2>\n<p style=\"text-align: justify;\">Este curso \u00e9 para quem pretende atuar no campo da preven\u00e7\u00e3o de problemas de agravo da sa\u00fade, promo\u00e7\u00e3o, prote\u00e7\u00e3o e reabilita\u00e7\u00e3o da sa\u00fade, da forma\u00e7\u00e3o cultural, da educa\u00e7\u00e3o e da reeduca\u00e7\u00e3o motora, do rendimento f\u00edsico-esportivo, do lazer, da gest\u00e3o de empreendimentos relacionados \u00e0s atividades f\u00edsicas, recreativas e esportivas.<\/p>\n<h2 data-raofz=\"32\">POR QUE ESTUDAR O CURSO DE CEDUCA\u00c7\u00c3O F\u00cdSICA NO UNIFSA?<\/h2>\n<div id=\"mercado\">\n<p style=\"text-align: justify;\">O curso de Educa\u00e7\u00e3o F\u00edsica do UNIFSA destaca-se como o melhor curso de institui\u00e7\u00f5es privadas do estado do Piau\u00ed, eleito o melhor curso de Educa\u00e7\u00e3o F\u00edsica por mais de cinco vezes pelo Guia do Estudante da Folha. O curso possui uma matriz curricular atualizada com a demandas atuais do mundo do trabalho e com imers\u00e3o no contexto pr\u00e1tico e laboral desde os primeiros per\u00edodos do curso sob a orienta\u00e7\u00e3o de um corpo docente composto predominantemente por mestres e doutores com elevado reconhecimento no mundo acad\u00eamico e em suas respectivas \u00e1reas de atua\u00e7\u00e3o. Cursar Educa\u00e7\u00e3o F\u00edsica no UNIFSA significa acesso a oportunidades de trabalho nas melhores academias, clubes, associa\u00e7\u00f5es esportivas e acess\u00f3rias devido ao reconhecimento social da qualidade de nossos egressos.<\/p>\n<p style=\"text-align: justify;\"><a href=\"https:\/\/unifsa.com.br\/site\/vestibular-pagina\/\"><img decoding=\"async\" class=\" wp-image-44826 aligncenter\" src=\"https:\/\/unifsa.com.br\/site\/wp-content\/uploads\/2019\/03\/Nucom-CRM-1093-x-258-px-9-300x71.webp\" alt=\"\" width=\"794\" height=\"188\" srcset=\"https:\/\/unifsa.com.br\/site\/wp-content\/uploads\/2019\/03\/Nucom-CRM-1093-x-258-px-9-300x71.webp 300w, https:\/\/unifsa.com.br\/site\/wp-content\/uploads\/2019\/03\/Nucom-CRM-1093-x-258-px-9-1024x241.webp 1024w, https:\/\/unifsa.com.br\/site\/wp-content\/uploads\/2019\/03\/Nucom-CRM-1093-x-258-px-9-768x181.webp 768w, https:\/\/unifsa.com.br\/site\/wp-content\/uploads\/2019\/03\/Nucom-CRM-1093-x-258-px-9.webp 1349w\" sizes=\"(max-width: 794px) 100vw, 794px\" \/><\/a><br \/>\n\u200e<\/p>\n<\/div>\n<\/div>\n<p>[\/vc_column_text][vc_tta_accordion][vc_tta_section title=&#8221;GRADE CURRICULAR&#8221; tab_id=&#8221;1677692169519-11d145e7-1e8b&#8221;][vc_column_text]Dura\u00e7\u00e3o: 8 semestres<br \/>\nCarga Hor\u00e1ria: 2.800h<\/p>\n<p><a href=\"https:\/\/unifsa.com.br\/site\/wp-content\/uploads\/2023\/03\/Grade-Curricular-Educa\u00e7\u00e3o-F\u00edsica.pdf\">Clique aqui e confira a grade curricular completa \u2013 Educa\u00e7\u00e3o F\u00edsica<\/a>[\/vc_column_text][\/vc_tta_section][vc_tta_section title=&#8221;TURNOS&#8221; tab_id=&#8221;1677692169526-96634639-fc0d&#8221;][vc_column_text css=&#8221;&#8221;]<\/p>\n<p data-raofz=\"28\"><strong>Campus Sul<\/strong><\/p>\n<p data-raofz=\"28\"><strong>Manh\u00e3: <\/strong>7h \u00e0s 12h20<strong><br \/>\nTarde:<\/strong> 13h \u00e0s 18h20<\/p>\n<p>[\/vc_column_text][\/vc_tta_section][vc_tta_section title=&#8221;COORDENA\u00c7\u00c3O&#8221; tab_id=&#8221;1677692324001-6bd5806a-3e59&#8243;][vc_column_text css=&#8221;&#8221;]<strong>Prof. Me. K\u00e1cio dos Santos Silva<\/strong><\/p>\n<p>Graduado em Licenciatura Plena em Educa\u00e7\u00e3o F\u00edsica pela Universidade Estadual do Piau\u00ed (UESPI, 2003), com o trabalho de conclus\u00e3o intitulado A influ\u00eancia do exerc\u00edcio f\u00edsico em mulheres hipertensas de 40 a 60 anos em Teresina, tamb\u00e9m cursou Nutri\u00e7\u00e3o na Universidade Federal do Piau\u00ed (UFPI) entre os anos de 2000 e 2005. Posteriormente, aprofundou sua forma\u00e7\u00e3o acad\u00eamica com a especializa\u00e7\u00e3o em Treinamento F\u00edsico Desportivo pela UFPI (2005), apresentando a pesquisa Fatores motivacionais para a pr\u00e1tica de atividade f\u00edsica em academias, e com a especializa\u00e7\u00e3o em Estudos Contempor\u00e2neos em Dan\u00e7a pela Universidade Federal da Bahia (UFBA, 2018), na qual desenvolveu a disserta\u00e7\u00e3o Bumba meu boi? Uma descoreografia de Catirina e Pai Francisco. Em seguida, concluiu o Mestrado em Educa\u00e7\u00e3o pela UFPI (2019), defendendo a disserta\u00e7\u00e3o Aprender com a diversidade: narrativas de um corpo para al\u00e9m da sala de aula, sob a orienta\u00e7\u00e3o do professor Francis Musa Boakari e coorienta\u00e7\u00e3o da professora Francilene Brito da Silva. Atualmente, cursa o Doutorado em Educa\u00e7\u00e3o pela UFPI, onde desenvolve a pesquisa A Devolu\u00e7\u00e3o dos Espelhos: produ\u00e7\u00e3o de saberes em torno do racismo a partir de um espet\u00e1culo de dan\u00e7a, orientada pelo professor Francis Musa Boakari. Durante a forma\u00e7\u00e3o doutoral, realizou per\u00edodo sandu\u00edche no Centro de Estudos Sociais da Universidade de Coimbra (Portugal), sob supervis\u00e3o da professora Silvia Rodrigues Maeso e com financiamento da Coordena\u00e7\u00e3o de Aperfei\u00e7oamento de Pessoal de N\u00edvel Superior (CAPES). Al\u00e9m de sua trajet\u00f3ria acad\u00eamica, exerce atividades de doc\u00eancia e gest\u00e3o, estando \u00e0 frente do N\u00facleo de Dan\u00e7a e do N\u00facleo de Estudos Afroind\u00edgenas (NUAFRI).[\/vc_column_text][\/vc_tta_section][vc_tta_section title=&#8221;DOCENTES&#8221; tab_id=&#8221;1677692386473-d8b02638-3f59&#8243;][vc_column_text css=&#8221;&#8221;]<a href=\"http:\/\/lattes.cnpq.br\/8950982497770289\">Profa. Dra. Alessandra Camillo da Silveira Castelo Branco<\/a><\/p>\n<p><a href=\"http:\/\/lattes.cnpq.br\/5298380377588942\">Prof. Dr. Ant\u00f4nio Carlos Leal Cortez\u00a0<\/a><\/p>\n<p><a href=\"http:\/\/lattes.cnpq.br\/2149232954338256\">Prof. Me. Ant\u00f4nio de Lisboa Lopes de Ara\u00fajo\u00a0<\/a><\/p>\n<p><a href=\"http:\/\/lattes.cnpq.br\/4606903321376624\">Prof. Me. Ant\u00f4nio Francisco Veras de Carvalho\u00a0<\/a><\/p>\n<p><a href=\"http:\/\/lattes.cnpq.br\/6702208916510931\">Profa. Ma. Francelena Saraiva Marques<\/a><\/p>\n<p><a href=\"http:\/\/lattes.cnpq.br\/4582716748533805\">Prof. Dr. Giancarlo da Silva Sousa<\/a><\/p>\n<p><a href=\"http:\/\/lattes.cnpq.br\/5299232372391234\">Prof. Me. K\u00e1cio dos Santos Silva\u00a0<\/a><\/p>\n<p><a href=\"http:\/\/lattes.cnpq.br\/6649636194029951\">Profa. Dra. Leyla R\u00e9gis de Meneses Sousa Carvalho\u00a0<\/a><\/p>\n<p><a href=\"http:\/\/lattes.cnpq.br\/3300006317745526\">Profa. Dra. Liana Dantas da Costa e Silva<\/a><\/p>\n<p><a href=\"http:\/\/lattes.cnpq.br\/8647674861405611\">Profa. Dra. M\u00e1rcia Cristiane Ara\u00fajo\u00a0<\/a><\/p>\n<p><a href=\"http:\/\/lattes.cnpq.br\/7085158813774523\">Profa. Dra. Marfisa Martins Mota de Moura\u00a0<\/a><\/p>\n<p><a href=\"http:\/\/lattes.cnpq.br\/1717413046310796\">Prof. Me. Mauro Fernando Lima da Silva\u00a0<\/a><\/p>\n<p>Prof. Esp. Mozart Bastos de Oliveira Filho<\/p>\n<p><a href=\"http:\/\/lattes.cnpq.br\/1675681459400044\">Prof. Me. Robert Maur\u00edcio de Oliveira Ara\u00fajo\u00a0<\/a><\/p>\n<p><a href=\"http:\/\/lattes.cnpq.br\/5371897706305573\">Profa. Ma. Se\u00e2nia Santos Leal\u00a0<\/a>[\/vc_column_text][\/vc_tta_section][vc_tta_section title=&#8221;INVESTIMENTOS&#8221; tab_id=&#8221;1677692938902-d818f4cf-9747&#8243;][vc_column_text css=&#8221;&#8221;]<\/p>\n<h1>R$ 908,81<\/h1>\n<p>*Desconto de 5% at\u00e9 o vencimento: R$ 863,37<\/p>\n<p><strong>DESCONTO<\/strong>\u00a0de 5% da 2\u00aa a 6\u00aa parcela do semestre para pagamentos at\u00e9 o vencimento. Na 1\u00aa parcela do semestre, o pagamento \u00e9 integral.<br \/>\n<strong>Obs:<\/strong>\u00a0<em>O UNIFSA se reserva no direito de n\u00e3o oferecer o curso, caso o n\u00famero de matr\u00edculas seja inferior a 40 alunos.<\/em>[\/vc_column_text][\/vc_tta_section][vc_tta_section title=&#8221;MAIS INFORMA\u00c7\u00d5ES&#8221; tab_id=&#8221;1677693157942-607e2084-6770&#8243;][vc_column_text]<\/p>\n<h2>INFRAESTRUTURA<\/h2>\n<p>Laborat\u00f3rio de Anatomia Humana;<br \/>\nLaborat\u00f3rio de Fisiologia Humana;<br \/>\nLaborat\u00f3rio de Avalia\u00e7\u00e3o Cineantropom\u00e9trica \/ Medidas de Avalia\u00e7\u00e3o e Postural;<br \/>\nLaborat\u00f3rio de Comportamento Humano e Pr\u00e1ticas Pedag\u00f3gicas;<br \/>\nLaborat\u00f3rio de Pr\u00e1ticas Corporais;<br \/>\nPiscina T\u00e9rmica.[\/vc_column_text][\/vc_tta_section][\/vc_tta_accordion][\/vc_column][\/vc_row][vc_row][vc_column][vc_btn title=&#8221;Clique aqui e saiba mais informa\u00e7\u00f5es a com a nossa equipe&#8221; color=&#8221;primary&#8221; size=&#8221;lg&#8221; align=&#8221;center&#8221; css_animation=&#8221;bounceInDown&#8221; css=&#8221;&#8221; link=&#8221;url:https%3A%2F%2Fwa.me%2F558631420785%20|target:_blank&#8221;][\/vc_column][\/vc_row]<\/p>\n<\/div>","protected":false},"featured_media":827,"menu_order":0,"template":"","meta":{"_acf_changed":false},"graduacao":[37,28],"posgraduacao":[],"tecnolgia":[],"class_list":["post-787","curso","type-curso","status-publish","has-post-thumbnail","hentry","graduacao-graduacao-tradicional","graduacao-humanas"],"acf":[],"yoast_head":"<!-- This site is optimized with the Yoast SEO plugin v26.5 - https:\/\/yoast.com\/wordpress\/plugins\/seo\/ -->\n<title>Educa\u00e7\u00e3o F\u00edsica - Bacharelado<\/title>\n<meta name=\"robots\" content=\"index, follow, max-snippet:-1, max-image-preview:large, max-video-preview:-1\" \/>\n<link rel=\"canonical\" href=\"https:\/\/unifsa.com.br\/site\/curso\/educacao-fisica\/\" \/>\n<meta property=\"og:locale\" content=\"pt_BR\" \/>\n<meta property=\"og:type\" content=\"article\" \/>\n<meta property=\"og:title\" content=\"Educa\u00e7\u00e3o F\u00edsica - Bacharelado\" \/>\n<meta property=\"og:description\" content=\"[vc_row][vc_column][vc_column_text] [\/vc_column_text][\/vc_column][\/vc_row][vc_row][vc_column][vc_column_text css=&#8221;&#8221;] \u200e PARA QUEM \u00c9 ESTE CURSO? Este curso \u00e9 para quem pretende atuar no campo da preven\u00e7\u00e3o de problemas de agravo da sa\u00fade, promo\u00e7\u00e3o, prote\u00e7\u00e3o e reabilita\u00e7\u00e3o da sa\u00fade, da forma\u00e7\u00e3o cultural, da educa\u00e7\u00e3o e da reeduca\u00e7\u00e3o motora, do rendimento f\u00edsico-esportivo, do lazer, da gest\u00e3o de empreendimentos relacionados \u00e0s atividades f\u00edsicas, recreativas\" \/>\n<meta property=\"og:url\" content=\"https:\/\/unifsa.com.br\/site\/curso\/educacao-fisica\/\" \/>\n<meta property=\"og:site_name\" content=\"Centro Universit\u00e1rio Santo Agostinho - UNIFSA\" \/>\n<meta property=\"article:publisher\" content=\"https:\/\/www.facebook.com\/unifsa\/\" \/>\n<meta property=\"article:modified_time\" content=\"2026-04-27T14:04:59+00:00\" \/>\n<meta property=\"og:image\" content=\"https:\/\/unifsa.com.br\/site\/wp-content\/uploads\/2017\/01\/ed-fisica-licenciatura-930x445.jpg\" \/>\n\t<meta property=\"og:image:width\" content=\"930\" \/>\n\t<meta property=\"og:image:height\" content=\"445\" \/>\n\t<meta property=\"og:image:type\" content=\"image\/jpeg\" \/>\n<meta name=\"twitter:card\" content=\"summary_large_image\" \/>\n<meta name=\"twitter:label1\" content=\"Est. tempo de leitura\" \/>\n\t<meta name=\"twitter:data1\" content=\"5 minutos\" \/>\n<script type=\"application\/ld+json\" class=\"yoast-schema-graph\">{\"@context\":\"https:\/\/schema.org\",\"@graph\":[{\"@type\":\"WebPage\",\"@id\":\"https:\/\/unifsa.com.br\/site\/curso\/educacao-fisica\/\",\"url\":\"https:\/\/unifsa.com.br\/site\/curso\/educacao-fisica\/\",\"name\":\"Educa\u00e7\u00e3o F\u00edsica - Bacharelado\",\"isPartOf\":{\"@id\":\"https:\/\/unifsa.com.br\/site\/#website\"},\"primaryImageOfPage\":{\"@id\":\"https:\/\/unifsa.com.br\/site\/curso\/educacao-fisica\/#primaryimage\"},\"image\":{\"@id\":\"https:\/\/unifsa.com.br\/site\/curso\/educacao-fisica\/#primaryimage\"},\"thumbnailUrl\":\"https:\/\/unifsa.com.br\/site\/wp-content\/uploads\/2017\/01\/ed-fisica-licenciatura-930x445.jpg\",\"datePublished\":\"2019-03-08T01:11:39+00:00\",\"dateModified\":\"2026-04-27T14:04:59+00:00\",\"breadcrumb\":{\"@id\":\"https:\/\/unifsa.com.br\/site\/curso\/educacao-fisica\/#breadcrumb\"},\"inLanguage\":\"pt-BR\",\"potentialAction\":[{\"@type\":\"ReadAction\",\"target\":[\"https:\/\/unifsa.com.br\/site\/curso\/educacao-fisica\/\"]}]},{\"@type\":\"ImageObject\",\"inLanguage\":\"pt-BR\",\"@id\":\"https:\/\/unifsa.com.br\/site\/curso\/educacao-fisica\/#primaryimage\",\"url\":\"https:\/\/unifsa.com.br\/site\/wp-content\/uploads\/2017\/01\/ed-fisica-licenciatura-930x445.jpg\",\"contentUrl\":\"https:\/\/unifsa.com.br\/site\/wp-content\/uploads\/2017\/01\/ed-fisica-licenciatura-930x445.jpg\",\"width\":930,\"height\":445},{\"@type\":\"BreadcrumbList\",\"@id\":\"https:\/\/unifsa.com.br\/site\/curso\/educacao-fisica\/#breadcrumb\",\"itemListElement\":[{\"@type\":\"ListItem\",\"position\":1,\"name\":\"In\u00edcio\",\"item\":\"https:\/\/unifsa.com.br\/site\/\"},{\"@type\":\"ListItem\",\"position\":2,\"name\":\"Educa\u00e7\u00e3o F\u00edsica &#8211; Bacharelado\"}]},{\"@type\":\"WebSite\",\"@id\":\"https:\/\/unifsa.com.br\/site\/#website\",\"url\":\"https:\/\/unifsa.com.br\/site\/\",\"name\":\"Centro Universit\u00e1rio Santo Agostinho - UNIFSA\",\"description\":\"Conhecimento para toda a vida\",\"publisher\":{\"@id\":\"https:\/\/unifsa.com.br\/site\/#organization\"},\"potentialAction\":[{\"@type\":\"SearchAction\",\"target\":{\"@type\":\"EntryPoint\",\"urlTemplate\":\"https:\/\/unifsa.com.br\/site\/?s={search_term_string}\"},\"query-input\":{\"@type\":\"PropertyValueSpecification\",\"valueRequired\":true,\"valueName\":\"search_term_string\"}}],\"inLanguage\":\"pt-BR\"},{\"@type\":\"Organization\",\"@id\":\"https:\/\/unifsa.com.br\/site\/#organization\",\"name\":\"Centro Universit\u00e1rio Santo Agostinho - UNIFSA\",\"url\":\"https:\/\/unifsa.com.br\/site\/\",\"logo\":{\"@type\":\"ImageObject\",\"inLanguage\":\"pt-BR\",\"@id\":\"https:\/\/unifsa.com.br\/site\/#\/schema\/logo\/image\/\",\"url\":\"https:\/\/unifsa.com.br\/site\/wp-content\/uploads\/2023\/03\/MARCA-UNIFSA-CIC23-q2apjs1mt975cf1wl25b044coj90fwoiee1kya6800.png\",\"contentUrl\":\"https:\/\/unifsa.com.br\/site\/wp-content\/uploads\/2023\/03\/MARCA-UNIFSA-CIC23-q2apjs1mt975cf1wl25b044coj90fwoiee1kya6800.png\",\"width\":103,\"height\":100,\"caption\":\"Centro Universit\u00e1rio Santo Agostinho - UNIFSA\"},\"image\":{\"@id\":\"https:\/\/unifsa.com.br\/site\/#\/schema\/logo\/image\/\"},\"sameAs\":[\"https:\/\/www.facebook.com\/unifsa\/\",\"https:\/\/www.instagram.com\/unifsa\/\"]}]}<\/script>\n<!-- \/ Yoast SEO plugin. -->","yoast_head_json":{"title":"Educa\u00e7\u00e3o F\u00edsica - Bacharelado","robots":{"index":"index","follow":"follow","max-snippet":"max-snippet:-1","max-image-preview":"max-image-preview:large","max-video-preview":"max-video-preview:-1"},"canonical":"https:\/\/unifsa.com.br\/site\/curso\/educacao-fisica\/","og_locale":"pt_BR","og_type":"article","og_title":"Educa\u00e7\u00e3o F\u00edsica - Bacharelado","og_description":"[vc_row][vc_column][vc_column_text] [\/vc_column_text][\/vc_column][\/vc_row][vc_row][vc_column][vc_column_text css=&#8221;&#8221;] \u200e PARA QUEM \u00c9 ESTE CURSO? Este curso \u00e9 para quem pretende atuar no campo da preven\u00e7\u00e3o de problemas de agravo da sa\u00fade, promo\u00e7\u00e3o, prote\u00e7\u00e3o e reabilita\u00e7\u00e3o da sa\u00fade, da forma\u00e7\u00e3o cultural, da educa\u00e7\u00e3o e da reeduca\u00e7\u00e3o motora, do rendimento f\u00edsico-esportivo, do lazer, da gest\u00e3o de empreendimentos relacionados \u00e0s atividades f\u00edsicas, recreativas","og_url":"https:\/\/unifsa.com.br\/site\/curso\/educacao-fisica\/","og_site_name":"Centro Universit\u00e1rio Santo Agostinho - UNIFSA","article_publisher":"https:\/\/www.facebook.com\/unifsa\/","article_modified_time":"2026-04-27T14:04:59+00:00","og_image":[{"width":930,"height":445,"url":"https:\/\/unifsa.com.br\/site\/wp-content\/uploads\/2017\/01\/ed-fisica-licenciatura-930x445.jpg","type":"image\/jpeg"}],"twitter_card":"summary_large_image","twitter_misc":{"Est. tempo de leitura":"5 minutos"},"schema":{"@context":"https:\/\/schema.org","@graph":[{"@type":"WebPage","@id":"https:\/\/unifsa.com.br\/site\/curso\/educacao-fisica\/","url":"https:\/\/unifsa.com.br\/site\/curso\/educacao-fisica\/","name":"Educa\u00e7\u00e3o F\u00edsica - Bacharelado","isPartOf":{"@id":"https:\/\/unifsa.com.br\/site\/#website"},"primaryImageOfPage":{"@id":"https:\/\/unifsa.com.br\/site\/curso\/educacao-fisica\/#primaryimage"},"image":{"@id":"https:\/\/unifsa.com.br\/site\/curso\/educacao-fisica\/#primaryimage"},"thumbnailUrl":"https:\/\/unifsa.com.br\/site\/wp-content\/uploads\/2017\/01\/ed-fisica-licenciatura-930x445.jpg","datePublished":"2019-03-08T01:11:39+00:00","dateModified":"2026-04-27T14:04:59+00:00","breadcrumb":{"@id":"https:\/\/unifsa.com.br\/site\/curso\/educacao-fisica\/#breadcrumb"},"inLanguage":"pt-BR","potentialAction":[{"@type":"ReadAction","target":["https:\/\/unifsa.com.br\/site\/curso\/educacao-fisica\/"]}]},{"@type":"ImageObject","inLanguage":"pt-BR","@id":"https:\/\/unifsa.com.br\/site\/curso\/educacao-fisica\/#primaryimage","url":"https:\/\/unifsa.com.br\/site\/wp-content\/uploads\/2017\/01\/ed-fisica-licenciatura-930x445.jpg","contentUrl":"https:\/\/unifsa.com.br\/site\/wp-content\/uploads\/2017\/01\/ed-fisica-licenciatura-930x445.jpg","width":930,"height":445},{"@type":"BreadcrumbList","@id":"https:\/\/unifsa.com.br\/site\/curso\/educacao-fisica\/#breadcrumb","itemListElement":[{"@type":"ListItem","position":1,"name":"In\u00edcio","item":"https:\/\/unifsa.com.br\/site\/"},{"@type":"ListItem","position":2,"name":"Educa\u00e7\u00e3o F\u00edsica &#8211; Bacharelado"}]},{"@type":"WebSite","@id":"https:\/\/unifsa.com.br\/site\/#website","url":"https:\/\/unifsa.com.br\/site\/","name":"Centro Universit\u00e1rio Santo Agostinho - UNIFSA","description":"Conhecimento para toda a vida","publisher":{"@id":"https:\/\/unifsa.com.br\/site\/#organization"},"potentialAction":[{"@type":"SearchAction","target":{"@type":"EntryPoint","urlTemplate":"https:\/\/unifsa.com.br\/site\/?s={search_term_string}"},"query-input":{"@type":"PropertyValueSpecification","valueRequired":true,"valueName":"search_term_string"}}],"inLanguage":"pt-BR"},{"@type":"Organization","@id":"https:\/\/unifsa.com.br\/site\/#organization","name":"Centro Universit\u00e1rio Santo Agostinho - UNIFSA","url":"https:\/\/unifsa.com.br\/site\/","logo":{"@type":"ImageObject","inLanguage":"pt-BR","@id":"https:\/\/unifsa.com.br\/site\/#\/schema\/logo\/image\/","url":"https:\/\/unifsa.com.br\/site\/wp-content\/uploads\/2023\/03\/MARCA-UNIFSA-CIC23-q2apjs1mt975cf1wl25b044coj90fwoiee1kya6800.png","contentUrl":"https:\/\/unifsa.com.br\/site\/wp-content\/uploads\/2023\/03\/MARCA-UNIFSA-CIC23-q2apjs1mt975cf1wl25b044coj90fwoiee1kya6800.png","width":103,"height":100,"caption":"Centro Universit\u00e1rio Santo Agostinho - UNIFSA"},"image":{"@id":"https:\/\/unifsa.com.br\/site\/#\/schema\/logo\/image\/"},"sameAs":["https:\/\/www.facebook.com\/unifsa\/","https:\/\/www.instagram.com\/unifsa\/"]}]}},"_links":{"self":[{"href":"https:\/\/unifsa.com.br\/site\/wp-json\/wp\/v2\/curso\/787","targetHints":{"allow":["GET"]}}],"collection":[{"href":"https:\/\/unifsa.com.br\/site\/wp-json\/wp\/v2\/curso"}],"about":[{"href":"https:\/\/unifsa.com.br\/site\/wp-json\/wp\/v2\/types\/curso"}],"version-history":[{"count":19,"href":"https:\/\/unifsa.com.br\/site\/wp-json\/wp\/v2\/curso\/787\/revisions"}],"predecessor-version":[{"id":18058,"href":"https:\/\/unifsa.com.br\/site\/wp-json\/wp\/v2\/curso\/787\/revisions\/18058"}],"wp:featuredmedia":[{"embeddable":true,"href":"https:\/\/unifsa.com.br\/site\/wp-json\/wp\/v2\/media\/827"}],"wp:attachment":[{"href":"https:\/\/unifsa.com.br\/site\/wp-json\/wp\/v2\/media?parent=787"}],"wp:term":[{"taxonomy":"graduacao","embeddable":true,"href":"https:\/\/unifsa.com.br\/site\/wp-json\/wp\/v2\/graduacao?post=787"},{"taxonomy":"posgraduacao","embeddable":true,"href":"https:\/\/unifsa.com.br\/site\/wp-json\/wp\/v2\/posgraduacao?post=787"},{"taxonomy":"tecnolgia","embeddable":true,"href":"https:\/\/unifsa.com.br\/site\/wp-json\/wp\/v2\/tecnolgia?post=787"}],"curies":[{"name":"wp","href":"https:\/\/api.w.org\/{rel}","templated":true}]}}