{"id":1131,"date":"2019-06-07T08:09:25","date_gmt":"2019-06-07T11:09:25","guid":{"rendered":"https:\/\/unifsa.com.br\/site\/?post_type=curso&#038;p=1131"},"modified":"2025-10-16T14:12:38","modified_gmt":"2025-10-16T17:12:38","slug":"estetica-e-cosmetica","status":"publish","type":"curso","link":"https:\/\/unifsa.com.br\/site\/curso\/estetica-e-cosmetica\/","title":{"rendered":"Est\u00e9tica e Cosm\u00e9tica"},"content":{"rendered":"<div class=\"wpb-content-wrapper\"><p>[vc_row][vc_column][vc_column_text]<img fetchpriority=\"high\" decoding=\"async\" class=\"aligncenter wp-image-1682 size-full\" src=\"https:\/\/unifsa.com.br\/site\/wp-content\/uploads\/2019\/06\/est.png\" alt=\"\" width=\"1000\" height=\"667\" srcset=\"https:\/\/unifsa.com.br\/site\/wp-content\/uploads\/2019\/06\/est.png 1000w, https:\/\/unifsa.com.br\/site\/wp-content\/uploads\/2019\/06\/est-300x200.png 300w, https:\/\/unifsa.com.br\/site\/wp-content\/uploads\/2019\/06\/est-768x512.png 768w\" sizes=\"(max-width: 1000px) 100vw, 1000px\" \/><\/p>\n<p>&nbsp;<\/p>\n<p>[\/vc_column_text][\/vc_column][\/vc_row][vc_row][vc_column][vc_column_text]<\/p>\n<h2 data-raofz=\"32\">PARA QUEM \u00c9 ESTE CURSO?<\/h2>\n<p><span style=\"font-size: 11.5pt; font-family: 'Arial','sans-serif'; color: #555555;\">Esse curso \u00e9 para quem quer se tornar um profissional qualificado com amplos conhecimentos te\u00f3ricos e pr\u00e1ticos na \u00e1rea da Est\u00e9tica Facial, Corporal, Capilar e Cosmetologia permitindo diversas oportunidades no mercado de trabalho em um curto per\u00edodo de tempo.<\/span><\/p>\n<h2 data-raofz=\"32\">POR QUE ESTUDAR O CURSO DE TECNOLOGIA EM EST\u00c9TICA E COSM\u00c9TICA NO UNIFSA?<\/h2>\n<p>O curso conta com professores qualificados, laborat\u00f3rios de Est\u00e9tica Facial, Corporal e Capilar bem equipados de modo a permitir aos alunos uma imers\u00e3o na Est\u00e9tica e na Cosmetologia, al\u00e9m de extensa carga hor\u00e1ria de pr\u00e1ticas com atendimento \u00e0 comunidade garantindo ao aluno viv\u00eancias que o aproximam do mercado de trabalho.<br \/>\n\u200e[\/vc_column_text][vc_tta_accordion][vc_tta_section title=&#8221;GRADE CURRICULAR&#8221; tab_id=&#8221;1677679502658-8ed72493-d309&#8243;][vc_column_text]<\/p>\n<p data-raofz=\"15\">Dura\u00e7\u00e3o: 5 semestres<br \/>\nCarga Hor\u00e1ria Total: 2.120 horas<\/p>\n<p data-raofz=\"15\"><a role=\"link\" href=\"https:\/\/unifsa.com.br\/site\/wp-content\/uploads\/2023\/03\/Grade-Curricular-Est\u00e9tica-e-Cosmetologia.pdf\" data-raofz=\"15\">Clique aqui e confira a grade curricular completa \u2013 Est\u00e9tica e Cosm\u00e9tica<\/a><\/p>\n<p>[\/vc_column_text][\/vc_tta_section][vc_tta_section title=&#8221;TURNOS&#8221; tab_id=&#8221;1677679502666-f33d75ae-c4d7&#8243;][vc_column_text css=&#8221;&#8221;]<strong>Manh\u00e3:<\/strong> 7h \u00e0s 12h20[\/vc_column_text][\/vc_tta_section][vc_tta_section title=&#8221;COORDENA\u00c7\u00c3O&#8221; tab_id=&#8221;1677680223133-cb0f6801-7757&#8243;][vc_column_text]<strong>Profa. Ma. Luciane Marta Neiva de Oliveira.<\/strong><\/p>\n<p>Mestre em Sa\u00fade P\u00fabica pela Universidade Americana do Paraguai, reconhecido pela Universidade Federal de Pernambuco; Especialista em Fisioterapia Dermatofuncional; graduada em Fisioterapia e Farm\u00e1cia pela Universidade Estadual da Para\u00edba; e docente dos cursos de sa\u00fade do UNIFSA, docente e coordenadora do curso de Tecnologia em Est\u00e9tica e Cosm\u00e9tica.[\/vc_column_text][\/vc_tta_section][vc_tta_section title=&#8221;DOCENTES&#8221; tab_id=&#8221;1677680711168-12ee7f3a-f445&#8243;][vc_column_text css=&#8221;&#8221;]<a href=\"http:\/\/lattes.cnpq.br\/6362174586251367\">Profa. Ma. Luciane Marta Neiva de Oliveira<\/a><br \/>\n<a href=\"http:\/\/lattes.cnpq.br\/2341215054768839\">Profa. Dra. Patr\u00edcia Lima Ventura<\/a><br \/>\n<a href=\"http:\/\/lattes.cnpq.br\/6252049058535792\">Profa. Dra. Lyghia Maria Ara\u00fajo Meireles<\/a><br \/>\n<a href=\"http:\/\/lattes.cnpq.br\/5168891909909758\">Prof. Me. Bernardo Melo Neto<\/a><br \/>\n<a href=\"http:\/\/lattes.cnpq.br\/3702999806344000\">Profa. Dra. D\u00e9bora de Alencar Franco Costa<\/a><br \/>\n<a href=\"http:\/\/lattes.cnpq.br\/7680404129521047\">Prof. Me. D\u00e9bora de F\u00e1tima Mendon\u00e7a Santos<\/a><br \/>\n<a href=\"http:\/\/lattes.cnpq.br\/2883977902083181\">Profa. Ma. Mariana Sousa Silva<\/a><br \/>\n<a href=\"http:\/\/lattes.cnpq.br\/3091267918634595\">Profa. Esp. Gilmara Linhares da Silva Cunha<\/a><br \/>\n<a href=\"http:\/\/lattes.cnpq.br\/0703327875758370\">Profa. Esp. Brenda Matos Amaral Sampaio<\/a><br \/>\n<a href=\"http:\/\/lattes.cnpq.br\/7445701639963510\">Profa. Dra. Liejy Agnes dos santos Raposo Landim<\/a><br \/>\n<a href=\"http:\/\/lattes.cnpq.br\/0231762360307769\">Profa. Ma. Joseana Martins Soares de Rodrigues Leit\u00e3o<\/a>[\/vc_column_text][\/vc_tta_section][vc_tta_section title=&#8221;INVESTIMENTO&#8221; tab_id=&#8221;1677681751983-39d3b4c0-7857&#8243;][vc_column_text css=&#8221;&#8221;]<\/p>\n<h1 data-raofz=\"36\">R$ 842,24<\/h1>\n<p data-raofz=\"15\">*Desconto de 5% at\u00e9 o vencimento: R$ 800,13<\/p>\n<p data-raofz=\"15\"><strong>DESCONTO<\/strong>\u00a0de 5% da 2\u00aa a 6\u00aa parcela do semestre para pagamentos at\u00e9 o vencimento. Na 1\u00aa parcela do semestre, o pagamento \u00e9 integral.<br \/>\n<strong>Obs:<\/strong>\u00a0<em>O UNIFSA se reserva no direito de n\u00e3o oferecer o curso, caso o n\u00famero de matr\u00edculas seja inferior a 40 alunos.<\/em><\/p>\n<p>[\/vc_column_text][\/vc_tta_section][vc_tta_section title=&#8221;MAIS INFORMA\u00c7\u00d5ES&#8221; tab_id=&#8221;1677681779645-144bd285-ae59&#8243;][vc_column_text]<\/p>\n<h2><strong>INFRAESTRUTURA<\/strong><\/h2>\n<p><strong>Laborat\u00f3rios Did\u00e1ticos de Forma\u00e7\u00e3o B\u00e1sica<\/strong><\/p>\n<p>Laborat\u00f3rio de Anatomia e Neuroanatomia<\/p>\n<p>Laborat\u00f3rio de e Fisiologia<\/p>\n<p>Laborat\u00f3rio de Qu\u00edmica Geral<\/p>\n<p>Laborat\u00f3rio de An\u00e1lises Cl\u00ednicas<\/p>\n<p>Laborat\u00f3rio de Biologia Geral<\/p>\n<p>Laborat\u00f3rios de Inform\u00e1tica<\/p>\n<p><strong>Laborat\u00f3rios Did\u00e1ticos e de Forma\u00e7\u00e3o Espec\u00edfica e Habilidades<\/strong><\/p>\n<p>Laborat\u00f3rio de Est\u00e9tica Corporal e Facial<\/p>\n<p>Laborat\u00f3rio de Est\u00e9tica Capilar e Maquiagem<\/p>\n<p>Laborat\u00f3rios de Ci\u00eancias Farmac\u00eauticas<\/p>\n<p>Laborat\u00f3rio de T\u00e9cnicas Manuais Aplicadas a Est\u00e9tica<\/p>\n<div id=\"texto\">\n<div id=\"mercado\">\n<div id=\"texto\">\n<div id=\"texto\">\n<div id=\"texto\">\n<p data-raofz=\"15\">\n<\/div>\n<\/div>\n<\/div>\n<\/div>\n<\/div>\n<p>[\/vc_column_text][\/vc_tta_section][\/vc_tta_accordion][\/vc_column][\/vc_row][vc_row][vc_column][vc_btn title=&#8221;Clique aqui e saiba mais informa\u00e7\u00f5es a com a nossa equipe&#8221; color=&#8221;primary&#8221; size=&#8221;lg&#8221; align=&#8221;center&#8221; css_animation=&#8221;bounceInDown&#8221; link=&#8221;url:https%3A%2F%2Fsac-santoagostinho.ascbrazil.com.br%2Fmulticanalidade%2FMQ%3D%3D||target:%20_blank|&#8221;][\/vc_column][\/vc_row]<\/p>\n<\/div>","protected":false},"featured_media":0,"menu_order":0,"template":"","meta":{"_acf_changed":false},"graduacao":[],"posgraduacao":[],"tecnolgia":[34],"class_list":["post-1131","curso","type-curso","status-publish","hentry","tecnolgia-graduacao-tecnologica"],"acf":[],"yoast_head":"<!-- This site is optimized with the Yoast SEO plugin v26.5 - https:\/\/yoast.com\/wordpress\/plugins\/seo\/ -->\n<title>Est\u00e9tica e Cosm\u00e9tica<\/title>\n<meta name=\"robots\" content=\"index, follow, max-snippet:-1, max-image-preview:large, max-video-preview:-1\" \/>\n<link rel=\"canonical\" href=\"https:\/\/unifsa.com.br\/site\/curso\/estetica-e-cosmetica\/\" \/>\n<meta property=\"og:locale\" content=\"pt_BR\" \/>\n<meta property=\"og:type\" content=\"article\" \/>\n<meta property=\"og:title\" content=\"Est\u00e9tica e Cosm\u00e9tica\" \/>\n<meta property=\"og:description\" content=\"[vc_row][vc_column][vc_column_text] &nbsp; [\/vc_column_text][\/vc_column][\/vc_row][vc_row][vc_column][vc_column_text] PARA QUEM \u00c9 ESTE CURSO? Esse curso \u00e9 para quem quer se tornar um profissional qualificado com amplos conhecimentos te\u00f3ricos e pr\u00e1ticos na \u00e1rea da Est\u00e9tica Facial, Corporal, Capilar e Cosmetologia permitindo diversas oportunidades no mercado de trabalho em um curto per\u00edodo de tempo. POR QUE ESTUDAR O CURSO DE TECNOLOGIA EM\" \/>\n<meta property=\"og:url\" content=\"https:\/\/unifsa.com.br\/site\/curso\/estetica-e-cosmetica\/\" \/>\n<meta property=\"og:site_name\" content=\"Centro Universit\u00e1rio Santo Agostinho - UNIFSA\" \/>\n<meta property=\"article:publisher\" content=\"https:\/\/www.facebook.com\/unifsa\/\" \/>\n<meta property=\"article:modified_time\" content=\"2025-10-16T17:12:38+00:00\" \/>\n<meta property=\"og:image\" content=\"https:\/\/unifsa.com.br\/site\/wp-content\/uploads\/2019\/06\/est.png\" \/>\n\t<meta property=\"og:image:width\" content=\"1000\" \/>\n\t<meta property=\"og:image:height\" content=\"667\" \/>\n\t<meta property=\"og:image:type\" content=\"image\/png\" \/>\n<meta name=\"twitter:card\" content=\"summary_large_image\" \/>\n<meta name=\"twitter:label1\" content=\"Est. tempo de leitura\" \/>\n\t<meta name=\"twitter:data1\" content=\"3 minutos\" \/>\n<script type=\"application\/ld+json\" class=\"yoast-schema-graph\">{\"@context\":\"https:\/\/schema.org\",\"@graph\":[{\"@type\":\"WebPage\",\"@id\":\"https:\/\/unifsa.com.br\/site\/curso\/estetica-e-cosmetica\/\",\"url\":\"https:\/\/unifsa.com.br\/site\/curso\/estetica-e-cosmetica\/\",\"name\":\"Est\u00e9tica e Cosm\u00e9tica\",\"isPartOf\":{\"@id\":\"https:\/\/unifsa.com.br\/site\/#website\"},\"primaryImageOfPage\":{\"@id\":\"https:\/\/unifsa.com.br\/site\/curso\/estetica-e-cosmetica\/#primaryimage\"},\"image\":{\"@id\":\"https:\/\/unifsa.com.br\/site\/curso\/estetica-e-cosmetica\/#primaryimage\"},\"thumbnailUrl\":\"https:\/\/unifsa.com.br\/site\/wp-content\/uploads\/2019\/06\/est.png\",\"datePublished\":\"2019-06-07T11:09:25+00:00\",\"dateModified\":\"2025-10-16T17:12:38+00:00\",\"breadcrumb\":{\"@id\":\"https:\/\/unifsa.com.br\/site\/curso\/estetica-e-cosmetica\/#breadcrumb\"},\"inLanguage\":\"pt-BR\",\"potentialAction\":[{\"@type\":\"ReadAction\",\"target\":[\"https:\/\/unifsa.com.br\/site\/curso\/estetica-e-cosmetica\/\"]}]},{\"@type\":\"ImageObject\",\"inLanguage\":\"pt-BR\",\"@id\":\"https:\/\/unifsa.com.br\/site\/curso\/estetica-e-cosmetica\/#primaryimage\",\"url\":\"https:\/\/unifsa.com.br\/site\/wp-content\/uploads\/2019\/06\/est.png\",\"contentUrl\":\"https:\/\/unifsa.com.br\/site\/wp-content\/uploads\/2019\/06\/est.png\",\"width\":1000,\"height\":667},{\"@type\":\"BreadcrumbList\",\"@id\":\"https:\/\/unifsa.com.br\/site\/curso\/estetica-e-cosmetica\/#breadcrumb\",\"itemListElement\":[{\"@type\":\"ListItem\",\"position\":1,\"name\":\"In\u00edcio\",\"item\":\"https:\/\/unifsa.com.br\/site\/\"},{\"@type\":\"ListItem\",\"position\":2,\"name\":\"Est\u00e9tica e Cosm\u00e9tica\"}]},{\"@type\":\"WebSite\",\"@id\":\"https:\/\/unifsa.com.br\/site\/#website\",\"url\":\"https:\/\/unifsa.com.br\/site\/\",\"name\":\"Centro Universit\u00e1rio Santo Agostinho - UNIFSA\",\"description\":\"Conhecimento para toda a vida\",\"publisher\":{\"@id\":\"https:\/\/unifsa.com.br\/site\/#organization\"},\"potentialAction\":[{\"@type\":\"SearchAction\",\"target\":{\"@type\":\"EntryPoint\",\"urlTemplate\":\"https:\/\/unifsa.com.br\/site\/?s={search_term_string}\"},\"query-input\":{\"@type\":\"PropertyValueSpecification\",\"valueRequired\":true,\"valueName\":\"search_term_string\"}}],\"inLanguage\":\"pt-BR\"},{\"@type\":\"Organization\",\"@id\":\"https:\/\/unifsa.com.br\/site\/#organization\",\"name\":\"Centro Universit\u00e1rio Santo Agostinho - UNIFSA\",\"url\":\"https:\/\/unifsa.com.br\/site\/\",\"logo\":{\"@type\":\"ImageObject\",\"inLanguage\":\"pt-BR\",\"@id\":\"https:\/\/unifsa.com.br\/site\/#\/schema\/logo\/image\/\",\"url\":\"https:\/\/unifsa.com.br\/site\/wp-content\/uploads\/2023\/03\/MARCA-UNIFSA-CIC23-q2apjs1mt975cf1wl25b044coj90fwoiee1kya6800.png\",\"contentUrl\":\"https:\/\/unifsa.com.br\/site\/wp-content\/uploads\/2023\/03\/MARCA-UNIFSA-CIC23-q2apjs1mt975cf1wl25b044coj90fwoiee1kya6800.png\",\"width\":103,\"height\":100,\"caption\":\"Centro Universit\u00e1rio Santo Agostinho - UNIFSA\"},\"image\":{\"@id\":\"https:\/\/unifsa.com.br\/site\/#\/schema\/logo\/image\/\"},\"sameAs\":[\"https:\/\/www.facebook.com\/unifsa\/\",\"https:\/\/www.instagram.com\/unifsa\/\"]}]}<\/script>\n<!-- \/ Yoast SEO plugin. -->","yoast_head_json":{"title":"Est\u00e9tica e Cosm\u00e9tica","robots":{"index":"index","follow":"follow","max-snippet":"max-snippet:-1","max-image-preview":"max-image-preview:large","max-video-preview":"max-video-preview:-1"},"canonical":"https:\/\/unifsa.com.br\/site\/curso\/estetica-e-cosmetica\/","og_locale":"pt_BR","og_type":"article","og_title":"Est\u00e9tica e Cosm\u00e9tica","og_description":"[vc_row][vc_column][vc_column_text] &nbsp; [\/vc_column_text][\/vc_column][\/vc_row][vc_row][vc_column][vc_column_text] PARA QUEM \u00c9 ESTE CURSO? Esse curso \u00e9 para quem quer se tornar um profissional qualificado com amplos conhecimentos te\u00f3ricos e pr\u00e1ticos na \u00e1rea da Est\u00e9tica Facial, Corporal, Capilar e Cosmetologia permitindo diversas oportunidades no mercado de trabalho em um curto per\u00edodo de tempo. POR QUE ESTUDAR O CURSO DE TECNOLOGIA EM","og_url":"https:\/\/unifsa.com.br\/site\/curso\/estetica-e-cosmetica\/","og_site_name":"Centro Universit\u00e1rio Santo Agostinho - UNIFSA","article_publisher":"https:\/\/www.facebook.com\/unifsa\/","article_modified_time":"2025-10-16T17:12:38+00:00","og_image":[{"width":1000,"height":667,"url":"https:\/\/unifsa.com.br\/site\/wp-content\/uploads\/2019\/06\/est.png","type":"image\/png"}],"twitter_card":"summary_large_image","twitter_misc":{"Est. tempo de leitura":"3 minutos"},"schema":{"@context":"https:\/\/schema.org","@graph":[{"@type":"WebPage","@id":"https:\/\/unifsa.com.br\/site\/curso\/estetica-e-cosmetica\/","url":"https:\/\/unifsa.com.br\/site\/curso\/estetica-e-cosmetica\/","name":"Est\u00e9tica e Cosm\u00e9tica","isPartOf":{"@id":"https:\/\/unifsa.com.br\/site\/#website"},"primaryImageOfPage":{"@id":"https:\/\/unifsa.com.br\/site\/curso\/estetica-e-cosmetica\/#primaryimage"},"image":{"@id":"https:\/\/unifsa.com.br\/site\/curso\/estetica-e-cosmetica\/#primaryimage"},"thumbnailUrl":"https:\/\/unifsa.com.br\/site\/wp-content\/uploads\/2019\/06\/est.png","datePublished":"2019-06-07T11:09:25+00:00","dateModified":"2025-10-16T17:12:38+00:00","breadcrumb":{"@id":"https:\/\/unifsa.com.br\/site\/curso\/estetica-e-cosmetica\/#breadcrumb"},"inLanguage":"pt-BR","potentialAction":[{"@type":"ReadAction","target":["https:\/\/unifsa.com.br\/site\/curso\/estetica-e-cosmetica\/"]}]},{"@type":"ImageObject","inLanguage":"pt-BR","@id":"https:\/\/unifsa.com.br\/site\/curso\/estetica-e-cosmetica\/#primaryimage","url":"https:\/\/unifsa.com.br\/site\/wp-content\/uploads\/2019\/06\/est.png","contentUrl":"https:\/\/unifsa.com.br\/site\/wp-content\/uploads\/2019\/06\/est.png","width":1000,"height":667},{"@type":"BreadcrumbList","@id":"https:\/\/unifsa.com.br\/site\/curso\/estetica-e-cosmetica\/#breadcrumb","itemListElement":[{"@type":"ListItem","position":1,"name":"In\u00edcio","item":"https:\/\/unifsa.com.br\/site\/"},{"@type":"ListItem","position":2,"name":"Est\u00e9tica e Cosm\u00e9tica"}]},{"@type":"WebSite","@id":"https:\/\/unifsa.com.br\/site\/#website","url":"https:\/\/unifsa.com.br\/site\/","name":"Centro Universit\u00e1rio Santo Agostinho - UNIFSA","description":"Conhecimento para toda a vida","publisher":{"@id":"https:\/\/unifsa.com.br\/site\/#organization"},"potentialAction":[{"@type":"SearchAction","target":{"@type":"EntryPoint","urlTemplate":"https:\/\/unifsa.com.br\/site\/?s={search_term_string}"},"query-input":{"@type":"PropertyValueSpecification","valueRequired":true,"valueName":"search_term_string"}}],"inLanguage":"pt-BR"},{"@type":"Organization","@id":"https:\/\/unifsa.com.br\/site\/#organization","name":"Centro Universit\u00e1rio Santo Agostinho - UNIFSA","url":"https:\/\/unifsa.com.br\/site\/","logo":{"@type":"ImageObject","inLanguage":"pt-BR","@id":"https:\/\/unifsa.com.br\/site\/#\/schema\/logo\/image\/","url":"https:\/\/unifsa.com.br\/site\/wp-content\/uploads\/2023\/03\/MARCA-UNIFSA-CIC23-q2apjs1mt975cf1wl25b044coj90fwoiee1kya6800.png","contentUrl":"https:\/\/unifsa.com.br\/site\/wp-content\/uploads\/2023\/03\/MARCA-UNIFSA-CIC23-q2apjs1mt975cf1wl25b044coj90fwoiee1kya6800.png","width":103,"height":100,"caption":"Centro Universit\u00e1rio Santo Agostinho - UNIFSA"},"image":{"@id":"https:\/\/unifsa.com.br\/site\/#\/schema\/logo\/image\/"},"sameAs":["https:\/\/www.facebook.com\/unifsa\/","https:\/\/www.instagram.com\/unifsa\/"]}]}},"_links":{"self":[{"href":"https:\/\/unifsa.com.br\/site\/wp-json\/wp\/v2\/curso\/1131","targetHints":{"allow":["GET"]}}],"collection":[{"href":"https:\/\/unifsa.com.br\/site\/wp-json\/wp\/v2\/curso"}],"about":[{"href":"https:\/\/unifsa.com.br\/site\/wp-json\/wp\/v2\/types\/curso"}],"version-history":[{"count":16,"href":"https:\/\/unifsa.com.br\/site\/wp-json\/wp\/v2\/curso\/1131\/revisions"}],"predecessor-version":[{"id":41998,"href":"https:\/\/unifsa.com.br\/site\/wp-json\/wp\/v2\/curso\/1131\/revisions\/41998"}],"wp:attachment":[{"href":"https:\/\/unifsa.com.br\/site\/wp-json\/wp\/v2\/media?parent=1131"}],"wp:term":[{"taxonomy":"graduacao","embeddable":true,"href":"https:\/\/unifsa.com.br\/site\/wp-json\/wp\/v2\/graduacao?post=1131"},{"taxonomy":"posgraduacao","embeddable":true,"href":"https:\/\/unifsa.com.br\/site\/wp-json\/wp\/v2\/posgraduacao?post=1131"},{"taxonomy":"tecnolgia","embeddable":true,"href":"https:\/\/unifsa.com.br\/site\/wp-json\/wp\/v2\/tecnolgia?post=1131"}],"curies":[{"name":"wp","href":"https:\/\/api.w.org\/{rel}","templated":true}]}}