{"version":"1.0","provider_name":"Centro Universit\u00e1rio Santo Agostinho - UNIFSA","provider_url":"https:\/\/unifsa.com.br\/site","author_name":"Estev\u00e3o Leite Cordeiro de Souza","author_url":"https:\/\/unifsa.com.br\/site\/author\/estevaocordeiro\/","title":"I Jornada Acad\u00eamica de Medicina Veterin\u00e1ria UNIFSA inicia amanh\u00e3 - Centro Universit\u00e1rio Santo Agostinho - UNIFSA","type":"rich","width":600,"height":338,"html":"<blockquote class=\"wp-embedded-content\" data-secret=\"H4WldU4pJx\"><a href=\"https:\/\/unifsa.com.br\/site\/unifsa-lanca-i-jornada-academica-de-medicina-veterinaria\/\">I Jornada Acad\u00eamica de Medicina Veterin\u00e1ria UNIFSA inicia amanh\u00e3<\/a><\/blockquote><iframe sandbox=\"allow-scripts\" security=\"restricted\" src=\"https:\/\/unifsa.com.br\/site\/unifsa-lanca-i-jornada-academica-de-medicina-veterinaria\/embed\/#?secret=H4WldU4pJx\" width=\"600\" height=\"338\" title=\"&#8220;I Jornada Acad\u00eamica de Medicina Veterin\u00e1ria UNIFSA inicia amanh\u00e3&#8221; &#8212; Centro Universit\u00e1rio Santo Agostinho - UNIFSA\" data-secret=\"H4WldU4pJx\" frameborder=\"0\" marginwidth=\"0\" marginheight=\"0\" scrolling=\"no\" class=\"wp-embedded-content\"><\/iframe><script type=\"text\/javascript\">\n\/* <![CDATA[ *\/\n\/*! This file is auto-generated *\/\n!function(d,l){\"use strict\";l.querySelector&&d.addEventListener&&\"undefined\"!=typeof URL&&(d.wp=d.wp||{},d.wp.receiveEmbedMessage||(d.wp.receiveEmbedMessage=function(e){var t=e.data;if((t||t.secret||t.message||t.value)&&!\/[^a-zA-Z0-9]\/.test(t.secret)){for(var s,r,n,a=l.querySelectorAll('iframe[data-secret=\"'+t.secret+'\"]'),o=l.querySelectorAll('blockquote[data-secret=\"'+t.secret+'\"]'),c=new RegExp(\"^https?:$\",\"i\"),i=0;i<o.length;i++)o[i].style.display=\"none\";for(i=0;i<a.length;i++)s=a[i],e.source===s.contentWindow&&(s.removeAttribute(\"style\"),\"height\"===t.message?(1e3<(r=parseInt(t.value,10))?r=1e3:~~r<200&&(r=200),s.height=r):\"link\"===t.message&&(r=new URL(s.getAttribute(\"src\")),n=new URL(t.value),c.test(n.protocol))&&n.host===r.host&&l.activeElement===s&&(d.top.location.href=t.value))}},d.addEventListener(\"message\",d.wp.receiveEmbedMessage,!1),l.addEventListener(\"DOMContentLoaded\",function(){for(var e,t,s=l.querySelectorAll(\"iframe.wp-embedded-content\"),r=0;r<s.length;r++)(t=(e=s[r]).getAttribute(\"data-secret\"))||(t=Math.random().toString(36).substring(2,12),e.src+=\"#?secret=\"+t,e.setAttribute(\"data-secret\",t)),e.contentWindow.postMessage({message:\"ready\",secret:t},\"*\")},!1)))}(window,document);\n\/\/# sourceURL=https:\/\/unifsa.com.br\/site\/wp-includes\/js\/wp-embed.min.js\n\/* ]]> *\/\n<\/script>\n","thumbnail_url":"https:\/\/unifsa.com.br\/site\/wp-content\/uploads\/2021\/11\/veter_site-1.jpg","thumbnail_width":1009,"thumbnail_height":427,"description":"Visando amenizar os problemas de sa\u00fade animal, de instruir as comunidades sobre posse respons\u00e1vel, bem-estar animal, maus-tratos e zoonoses e ainda proporcionar aos discentes do Curso de Medicina Veterin\u00e1ria do Centro Universit\u00e1rio Santo Agostinho (UNIFSA) a utiliza\u00e7\u00e3o dos conhecimentos sobre bem-estar animal, \u00e9 dada a largada para a I Jornada Acad\u00eamica de Medicina Veterin\u00e1ria, que"}